{"id":17644,"date":"2021-06-20T08:36:51","date_gmt":"2021-06-20T06:36:51","guid":{"rendered":"https:\/\/techbcndev.wearefirma.com\/event\/que-esperar-del-mwc-2018-bbl\/"},"modified":"2021-06-20T08:36:51","modified_gmt":"2021-06-20T06:36:51","slug":"que-esperar-del-mwc-2018-bbl","status":"publish","type":"event","link":"https:\/\/www.techbarcelona.com\/ca\/event\/que-esperar-del-mwc-2018-bbl\/","title":{"rendered":"Qu\u00e9 esperar del MWC 2018 \u2013 BBL"},"content":{"rendered":"<p>\u00bfQu\u00e9 esperar del 4YFN y del MWC de este nuevo a\u00f1o 2018?<br \/>\nAleix Valls (Liquid Co.) entrevistar\u00e1 a Yossi Vardi, chairman del 4YFN y padre de la industria hi-tech israel\u00ed. El objetivo es que nos explique algunas de las tendencias que se est\u00e1n desarrollando a nivel mundial, como las que podremos ver tanto durante en el evento.<\/p>\n<p><strong>Yossi Vardi<\/strong> es un inversor israel\u00ed muy famoso por ser el inversor original en ICQ (el primer sistema de mensajer\u00eda instant\u00e1nea en Internet). Ha invertido en m\u00e1s de 50 empresas de tecnolog\u00eda en diversas \u00e1reas de software, energ\u00eda, Internet, telefon\u00eda m\u00f3vil, cleantech y otras.<\/p>\n<p>Vardi ha trabajado en Israel con proyectos de energ\u00eda e infraestructura. Tambi\u00e9n fue cofundador de Alon, una compa\u00f1\u00eda petrolera israel\u00ed. Actu\u00f3 como asesor del Banco Mundial y del Programa de las Naciones Unidas para el desarrollo en temas de energ\u00eda en el mundo en desarrollo. Ha recibido numerosos premios, entre ellos The Prime Minister Award, The Industry Award, Entrepreneur of the Year (Tel Aviv University) y the CEO\u2019s Entrepreneurs Hall of Fame from the Collegiate Entrepreneurs\u2019 Organization.<\/p>\n<p><em>Evento abierto.<br \/>\nImprescindible\u00a0registrarse, (plazas limitadas)<\/em><em>.<\/em><\/p>\n","protected":false},"featured_media":5745,"template":"","class_list":["post-17644","event","type-event","status-publish","has-post-thumbnail","hentry"],"acf":[],"yoast_head":"<!-- This site is optimized with the Yoast SEO plugin v27.5 - https:\/\/yoast.com\/product\/yoast-seo-wordpress\/ -->\n<title>Qu\u00e9 esperar del MWC 2018 \u2013 BBL - Tech Barcelona<\/title>\n<meta name=\"robots\" content=\"index, follow, max-snippet:-1, max-image-preview:large, max-video-preview:-1\" \/>\n<link rel=\"canonical\" href=\"https:\/\/www.techbarcelona.com\/ca\/event\/que-esperar-del-mwc-2018-bbl\/\" \/>\n<meta property=\"og:locale\" content=\"ca_ES\" \/>\n<meta property=\"og:type\" content=\"article\" \/>\n<meta property=\"og:title\" content=\"Qu\u00e9 esperar del MWC 2018 \u2013 BBL - Tech Barcelona\" \/>\n<meta property=\"og:description\" content=\"\u00bfQu\u00e9 esperar del 4YFN y del MWC de este nuevo a\u00f1o 2018? Aleix Valls (Liquid Co.) entrevistar\u00e1 a Yossi Vardi, chairman del 4YFN y padre de la industria hi-tech israel\u00ed. El objetivo es que nos explique algunas de las tendencias que se est\u00e1n desarrollando a nivel mundial, como las que [&hellip;]\" \/>\n<meta property=\"og:url\" content=\"https:\/\/www.techbarcelona.com\/ca\/event\/que-esperar-del-mwc-2018-bbl\/\" \/>\n<meta property=\"og:site_name\" content=\"Tech Barcelona\" \/>\n<meta property=\"article:publisher\" content=\"https:\/\/www.facebook.com\/BarcelonaTechCity\" \/>\n<meta property=\"og:image\" content=\"https:\/\/www.techbarcelona.com\/wp-content\/uploads\/MG_5760_web-1-1.jpg\" \/>\n\t<meta property=\"og:image:width\" content=\"1366\" \/>\n\t<meta property=\"og:image:height\" content=\"911\" \/>\n\t<meta property=\"og:image:type\" content=\"image\/jpeg\" \/>\n<meta name=\"twitter:card\" content=\"summary_large_image\" \/>\n<meta name=\"twitter:site\" content=\"@bcntechcity\" \/>\n<meta name=\"twitter:label1\" content=\"Temps estimat de lectura\" \/>\n\t<meta name=\"twitter:data1\" content=\"1 minut\" \/>\n<script type=\"application\/ld+json\" class=\"yoast-schema-graph\">{\"@context\":\"https:\\\/\\\/schema.org\",\"@graph\":[{\"@type\":\"WebPage\",\"@id\":\"https:\\\/\\\/www.techbarcelona.com\\\/ca\\\/event\\\/que-esperar-del-mwc-2018-bbl\\\/\",\"url\":\"https:\\\/\\\/www.techbarcelona.com\\\/ca\\\/event\\\/que-esperar-del-mwc-2018-bbl\\\/\",\"name\":\"Qu\u00e9 esperar del MWC 2018 \u2013 BBL - Tech Barcelona\",\"isPartOf\":{\"@id\":\"https:\\\/\\\/www.techbarcelona.com\\\/ca\\\/#website\"},\"primaryImageOfPage\":{\"@id\":\"https:\\\/\\\/www.techbarcelona.com\\\/ca\\\/event\\\/que-esperar-del-mwc-2018-bbl\\\/#primaryimage\"},\"image\":{\"@id\":\"https:\\\/\\\/www.techbarcelona.com\\\/ca\\\/event\\\/que-esperar-del-mwc-2018-bbl\\\/#primaryimage\"},\"thumbnailUrl\":\"https:\\\/\\\/www.techbarcelona.com\\\/wp-content\\\/uploads\\\/MG_5760_web-1-1.jpg\",\"datePublished\":\"2021-06-20T06:36:51+00:00\",\"breadcrumb\":{\"@id\":\"https:\\\/\\\/www.techbarcelona.com\\\/ca\\\/event\\\/que-esperar-del-mwc-2018-bbl\\\/#breadcrumb\"},\"inLanguage\":\"ca\",\"potentialAction\":[{\"@type\":\"ReadAction\",\"target\":[\"https:\\\/\\\/www.techbarcelona.com\\\/ca\\\/event\\\/que-esperar-del-mwc-2018-bbl\\\/\"]}]},{\"@type\":\"ImageObject\",\"inLanguage\":\"ca\",\"@id\":\"https:\\\/\\\/www.techbarcelona.com\\\/ca\\\/event\\\/que-esperar-del-mwc-2018-bbl\\\/#primaryimage\",\"url\":\"https:\\\/\\\/www.techbarcelona.com\\\/wp-content\\\/uploads\\\/MG_5760_web-1-1.jpg\",\"contentUrl\":\"https:\\\/\\\/www.techbarcelona.com\\\/wp-content\\\/uploads\\\/MG_5760_web-1-1.jpg\",\"width\":1366,\"height\":911},{\"@type\":\"BreadcrumbList\",\"@id\":\"https:\\\/\\\/www.techbarcelona.com\\\/ca\\\/event\\\/que-esperar-del-mwc-2018-bbl\\\/#breadcrumb\",\"itemListElement\":[{\"@type\":\"ListItem\",\"position\":1,\"name\":\"Portada\",\"item\":\"https:\\\/\\\/www.techbarcelona.com\\\/ca\\\/\"},{\"@type\":\"ListItem\",\"position\":2,\"name\":\"Events\",\"item\":\"https:\\\/\\\/www.techbarcelona.com\\\/ca\\\/event\\\/\"},{\"@type\":\"ListItem\",\"position\":3,\"name\":\"Qu\u00e9 esperar del MWC 2018 \u2013 BBL\"}]},{\"@type\":\"WebSite\",\"@id\":\"https:\\\/\\\/www.techbarcelona.com\\\/ca\\\/#website\",\"url\":\"https:\\\/\\\/www.techbarcelona.com\\\/ca\\\/\",\"name\":\"Tech Barcelona\",\"description\":\"\",\"publisher\":{\"@id\":\"https:\\\/\\\/www.techbarcelona.com\\\/ca\\\/#organization\"},\"potentialAction\":[{\"@type\":\"SearchAction\",\"target\":{\"@type\":\"EntryPoint\",\"urlTemplate\":\"https:\\\/\\\/www.techbarcelona.com\\\/ca\\\/?s={search_term_string}\"},\"query-input\":{\"@type\":\"PropertyValueSpecification\",\"valueRequired\":true,\"valueName\":\"search_term_string\"}}],\"inLanguage\":\"ca\"},{\"@type\":\"Organization\",\"@id\":\"https:\\\/\\\/www.techbarcelona.com\\\/ca\\\/#organization\",\"name\":\"Tech Barcelona\",\"url\":\"https:\\\/\\\/www.techbarcelona.com\\\/ca\\\/\",\"logo\":{\"@type\":\"ImageObject\",\"inLanguage\":\"ca\",\"@id\":\"https:\\\/\\\/www.techbarcelona.com\\\/ca\\\/#\\\/schema\\\/logo\\\/image\\\/\",\"url\":\"https:\\\/\\\/www.techbarcelona.com\\\/wp-content\\\/uploads\\\/logo-tech-bcn-black.png\",\"contentUrl\":\"https:\\\/\\\/www.techbarcelona.com\\\/wp-content\\\/uploads\\\/logo-tech-bcn-black.png\",\"width\":347,\"height\":90,\"caption\":\"Tech Barcelona\"},\"image\":{\"@id\":\"https:\\\/\\\/www.techbarcelona.com\\\/ca\\\/#\\\/schema\\\/logo\\\/image\\\/\"},\"sameAs\":[\"https:\\\/\\\/www.facebook.com\\\/BarcelonaTechCity\",\"https:\\\/\\\/x.com\\\/bcntechcity\",\"https:\\\/\\\/www.instagram.com\\\/bcntechcity\\\/\",\"https:\\\/\\\/www.linkedin.com\\\/company\\\/barcelona-tech-city\\\/\",\"https:\\\/\\\/www.youtube.com\\\/channel\\\/UCKX-ZX0pM37GRtVNKgr4Rxg\"]}]}<\/script>\n<!-- \/ Yoast SEO plugin. -->","yoast_head_json":{"title":"Qu\u00e9 esperar del MWC 2018 \u2013 BBL - Tech Barcelona","robots":{"index":"index","follow":"follow","max-snippet":"max-snippet:-1","max-image-preview":"max-image-preview:large","max-video-preview":"max-video-preview:-1"},"canonical":"https:\/\/www.techbarcelona.com\/ca\/event\/que-esperar-del-mwc-2018-bbl\/","og_locale":"ca_ES","og_type":"article","og_title":"Qu\u00e9 esperar del MWC 2018 \u2013 BBL - Tech Barcelona","og_description":"\u00bfQu\u00e9 esperar del 4YFN y del MWC de este nuevo a\u00f1o 2018? Aleix Valls (Liquid Co.) entrevistar\u00e1 a Yossi Vardi, chairman del 4YFN y padre de la industria hi-tech israel\u00ed. El objetivo es que nos explique algunas de las tendencias que se est\u00e1n desarrollando a nivel mundial, como las que [&hellip;]","og_url":"https:\/\/www.techbarcelona.com\/ca\/event\/que-esperar-del-mwc-2018-bbl\/","og_site_name":"Tech Barcelona","article_publisher":"https:\/\/www.facebook.com\/BarcelonaTechCity","og_image":[{"width":1366,"height":911,"url":"https:\/\/www.techbarcelona.com\/wp-content\/uploads\/MG_5760_web-1-1.jpg","type":"image\/jpeg"}],"twitter_card":"summary_large_image","twitter_site":"@bcntechcity","twitter_misc":{"Temps estimat de lectura":"1 minut"},"schema":{"@context":"https:\/\/schema.org","@graph":[{"@type":"WebPage","@id":"https:\/\/www.techbarcelona.com\/ca\/event\/que-esperar-del-mwc-2018-bbl\/","url":"https:\/\/www.techbarcelona.com\/ca\/event\/que-esperar-del-mwc-2018-bbl\/","name":"Qu\u00e9 esperar del MWC 2018 \u2013 BBL - Tech Barcelona","isPartOf":{"@id":"https:\/\/www.techbarcelona.com\/ca\/#website"},"primaryImageOfPage":{"@id":"https:\/\/www.techbarcelona.com\/ca\/event\/que-esperar-del-mwc-2018-bbl\/#primaryimage"},"image":{"@id":"https:\/\/www.techbarcelona.com\/ca\/event\/que-esperar-del-mwc-2018-bbl\/#primaryimage"},"thumbnailUrl":"https:\/\/www.techbarcelona.com\/wp-content\/uploads\/MG_5760_web-1-1.jpg","datePublished":"2021-06-20T06:36:51+00:00","breadcrumb":{"@id":"https:\/\/www.techbarcelona.com\/ca\/event\/que-esperar-del-mwc-2018-bbl\/#breadcrumb"},"inLanguage":"ca","potentialAction":[{"@type":"ReadAction","target":["https:\/\/www.techbarcelona.com\/ca\/event\/que-esperar-del-mwc-2018-bbl\/"]}]},{"@type":"ImageObject","inLanguage":"ca","@id":"https:\/\/www.techbarcelona.com\/ca\/event\/que-esperar-del-mwc-2018-bbl\/#primaryimage","url":"https:\/\/www.techbarcelona.com\/wp-content\/uploads\/MG_5760_web-1-1.jpg","contentUrl":"https:\/\/www.techbarcelona.com\/wp-content\/uploads\/MG_5760_web-1-1.jpg","width":1366,"height":911},{"@type":"BreadcrumbList","@id":"https:\/\/www.techbarcelona.com\/ca\/event\/que-esperar-del-mwc-2018-bbl\/#breadcrumb","itemListElement":[{"@type":"ListItem","position":1,"name":"Portada","item":"https:\/\/www.techbarcelona.com\/ca\/"},{"@type":"ListItem","position":2,"name":"Events","item":"https:\/\/www.techbarcelona.com\/ca\/event\/"},{"@type":"ListItem","position":3,"name":"Qu\u00e9 esperar del MWC 2018 \u2013 BBL"}]},{"@type":"WebSite","@id":"https:\/\/www.techbarcelona.com\/ca\/#website","url":"https:\/\/www.techbarcelona.com\/ca\/","name":"Tech Barcelona","description":"","publisher":{"@id":"https:\/\/www.techbarcelona.com\/ca\/#organization"},"potentialAction":[{"@type":"SearchAction","target":{"@type":"EntryPoint","urlTemplate":"https:\/\/www.techbarcelona.com\/ca\/?s={search_term_string}"},"query-input":{"@type":"PropertyValueSpecification","valueRequired":true,"valueName":"search_term_string"}}],"inLanguage":"ca"},{"@type":"Organization","@id":"https:\/\/www.techbarcelona.com\/ca\/#organization","name":"Tech Barcelona","url":"https:\/\/www.techbarcelona.com\/ca\/","logo":{"@type":"ImageObject","inLanguage":"ca","@id":"https:\/\/www.techbarcelona.com\/ca\/#\/schema\/logo\/image\/","url":"https:\/\/www.techbarcelona.com\/wp-content\/uploads\/logo-tech-bcn-black.png","contentUrl":"https:\/\/www.techbarcelona.com\/wp-content\/uploads\/logo-tech-bcn-black.png","width":347,"height":90,"caption":"Tech Barcelona"},"image":{"@id":"https:\/\/www.techbarcelona.com\/ca\/#\/schema\/logo\/image\/"},"sameAs":["https:\/\/www.facebook.com\/BarcelonaTechCity","https:\/\/x.com\/bcntechcity","https:\/\/www.instagram.com\/bcntechcity\/","https:\/\/www.linkedin.com\/company\/barcelona-tech-city\/","https:\/\/www.youtube.com\/channel\/UCKX-ZX0pM37GRtVNKgr4Rxg"]}]}},"_links":{"self":[{"href":"https:\/\/www.techbarcelona.com\/ca\/wp-json\/wp\/v2\/event\/17644","targetHints":{"allow":["GET"]}}],"collection":[{"href":"https:\/\/www.techbarcelona.com\/ca\/wp-json\/wp\/v2\/event"}],"about":[{"href":"https:\/\/www.techbarcelona.com\/ca\/wp-json\/wp\/v2\/types\/event"}],"wp:featuredmedia":[{"embeddable":true,"href":"https:\/\/www.techbarcelona.com\/ca\/wp-json\/wp\/v2\/media\/5745"}],"wp:attachment":[{"href":"https:\/\/www.techbarcelona.com\/ca\/wp-json\/wp\/v2\/media?parent=17644"}],"curies":[{"name":"wp","href":"https:\/\/api.w.org\/{rel}","templated":true}]}}