{"id":17937,"date":"2021-06-20T08:40:55","date_gmt":"2021-06-20T06:40:55","guid":{"rendered":"https:\/\/techbcndev.wearefirma.com\/event\/bbl-con-lucas-carne-cofundador-y-exceo-de-privalia\/"},"modified":"2021-06-20T08:40:55","modified_gmt":"2021-06-20T06:40:55","slug":"bbl-con-lucas-carne-cofundador-y-exceo-de-privalia","status":"publish","type":"event","link":"https:\/\/www.techbarcelona.com\/ca\/event\/bbl-con-lucas-carne-cofundador-y-exceo-de-privalia\/","title":{"rendered":"BBL con Lucas Carn\u00e9, cofundador y exCEO de Privalia"},"content":{"rendered":"<p>\u00bfNunca te has preguntado c\u00f3mo ha llegado hasta ah\u00ed alguien que ha alcanzado el punto m\u00e1s alto en su negocio?<\/p>\n<p>En el pr\u00f3ximo BBL tendr\u00e1s la oportunidad de escuchar cu\u00e1l ha sido la trayectoria profesional de uno de los emprendedores de m\u00e1s \u00e9xito de Espa\u00f1a, Lucas Carn\u00e9, con 13 a\u00f1os de experiencia como cofundador y l\u00edder de una de las empresas de comercio electr\u00f3nico m\u00e1s exitosas de la \u00faltima d\u00e9cada.<\/p>\n<p>Lucas compartir\u00e1 el proceso de evoluci\u00f3n de Privalia desde sus inicios hasta c\u00f3mo vivi\u00f3 la posterior fusi\u00f3n y adquisici\u00f3n de la compa\u00f1\u00eda por parte del gigante europeo Vente-Privee.\u00a0Finalizaremos el acto con una comida en formato\u00a0<i>finger food\u00a0<\/i>y networking.<\/p>\n<p><strong>Ubicaci\u00f3n:<\/strong><\/p>\n<p>Payment Innovation Hub \u2013 Pier01 (planta-1)<\/p>\n","protected":false},"featured_media":7891,"template":"","class_list":["post-17937","event","type-event","status-publish","has-post-thumbnail","hentry"],"acf":[],"yoast_head":"<!-- This site is optimized with the Yoast SEO plugin v27.5 - https:\/\/yoast.com\/product\/yoast-seo-wordpress\/ -->\n<title>BBL con Lucas Carn\u00e9, cofundador y exCEO de Privalia - Tech Barcelona<\/title>\n<meta name=\"robots\" content=\"index, follow, max-snippet:-1, max-image-preview:large, max-video-preview:-1\" \/>\n<link rel=\"canonical\" href=\"https:\/\/www.techbarcelona.com\/ca\/event\/bbl-con-lucas-carne-cofundador-y-exceo-de-privalia\/\" \/>\n<meta property=\"og:locale\" content=\"ca_ES\" \/>\n<meta property=\"og:type\" content=\"article\" \/>\n<meta property=\"og:title\" content=\"BBL con Lucas Carn\u00e9, cofundador y exCEO de Privalia - Tech Barcelona\" \/>\n<meta property=\"og:description\" content=\"\u00bfNunca te has preguntado c\u00f3mo ha llegado hasta ah\u00ed alguien que ha alcanzado el punto m\u00e1s alto en su negocio? En el pr\u00f3ximo BBL tendr\u00e1s la oportunidad de escuchar cu\u00e1l ha sido la trayectoria profesional de uno de los emprendedores de m\u00e1s \u00e9xito de Espa\u00f1a, Lucas Carn\u00e9, con 13 a\u00f1os [&hellip;]\" \/>\n<meta property=\"og:url\" content=\"https:\/\/www.techbarcelona.com\/ca\/event\/bbl-con-lucas-carne-cofundador-y-exceo-de-privalia\/\" \/>\n<meta property=\"og:site_name\" content=\"Tech Barcelona\" \/>\n<meta property=\"article:publisher\" content=\"https:\/\/www.facebook.com\/BarcelonaTechCity\" \/>\n<meta property=\"og:image\" content=\"https:\/\/www.techbarcelona.com\/wp-content\/uploads\/Lucas-Carne-2-scaled.jpg\" \/>\n\t<meta property=\"og:image:width\" content=\"2560\" \/>\n\t<meta property=\"og:image:height\" content=\"1722\" \/>\n\t<meta property=\"og:image:type\" content=\"image\/jpeg\" \/>\n<meta name=\"twitter:card\" content=\"summary_large_image\" \/>\n<meta name=\"twitter:site\" content=\"@bcntechcity\" \/>\n<meta name=\"twitter:label1\" content=\"Temps estimat de lectura\" \/>\n\t<meta name=\"twitter:data1\" content=\"1 minut\" \/>\n<script type=\"application\/ld+json\" class=\"yoast-schema-graph\">{\"@context\":\"https:\\\/\\\/schema.org\",\"@graph\":[{\"@type\":\"WebPage\",\"@id\":\"https:\\\/\\\/www.techbarcelona.com\\\/ca\\\/event\\\/bbl-con-lucas-carne-cofundador-y-exceo-de-privalia\\\/\",\"url\":\"https:\\\/\\\/www.techbarcelona.com\\\/ca\\\/event\\\/bbl-con-lucas-carne-cofundador-y-exceo-de-privalia\\\/\",\"name\":\"BBL con Lucas Carn\u00e9, cofundador y exCEO de Privalia - Tech Barcelona\",\"isPartOf\":{\"@id\":\"https:\\\/\\\/www.techbarcelona.com\\\/ca\\\/#website\"},\"primaryImageOfPage\":{\"@id\":\"https:\\\/\\\/www.techbarcelona.com\\\/ca\\\/event\\\/bbl-con-lucas-carne-cofundador-y-exceo-de-privalia\\\/#primaryimage\"},\"image\":{\"@id\":\"https:\\\/\\\/www.techbarcelona.com\\\/ca\\\/event\\\/bbl-con-lucas-carne-cofundador-y-exceo-de-privalia\\\/#primaryimage\"},\"thumbnailUrl\":\"https:\\\/\\\/www.techbarcelona.com\\\/wp-content\\\/uploads\\\/Lucas-Carne-2-scaled.jpg\",\"datePublished\":\"2021-06-20T06:40:55+00:00\",\"breadcrumb\":{\"@id\":\"https:\\\/\\\/www.techbarcelona.com\\\/ca\\\/event\\\/bbl-con-lucas-carne-cofundador-y-exceo-de-privalia\\\/#breadcrumb\"},\"inLanguage\":\"ca\",\"potentialAction\":[{\"@type\":\"ReadAction\",\"target\":[\"https:\\\/\\\/www.techbarcelona.com\\\/ca\\\/event\\\/bbl-con-lucas-carne-cofundador-y-exceo-de-privalia\\\/\"]}]},{\"@type\":\"ImageObject\",\"inLanguage\":\"ca\",\"@id\":\"https:\\\/\\\/www.techbarcelona.com\\\/ca\\\/event\\\/bbl-con-lucas-carne-cofundador-y-exceo-de-privalia\\\/#primaryimage\",\"url\":\"https:\\\/\\\/www.techbarcelona.com\\\/wp-content\\\/uploads\\\/Lucas-Carne-2-scaled.jpg\",\"contentUrl\":\"https:\\\/\\\/www.techbarcelona.com\\\/wp-content\\\/uploads\\\/Lucas-Carne-2-scaled.jpg\",\"width\":2560,\"height\":1722},{\"@type\":\"BreadcrumbList\",\"@id\":\"https:\\\/\\\/www.techbarcelona.com\\\/ca\\\/event\\\/bbl-con-lucas-carne-cofundador-y-exceo-de-privalia\\\/#breadcrumb\",\"itemListElement\":[{\"@type\":\"ListItem\",\"position\":1,\"name\":\"Portada\",\"item\":\"https:\\\/\\\/www.techbarcelona.com\\\/ca\\\/\"},{\"@type\":\"ListItem\",\"position\":2,\"name\":\"Events\",\"item\":\"https:\\\/\\\/www.techbarcelona.com\\\/ca\\\/event\\\/\"},{\"@type\":\"ListItem\",\"position\":3,\"name\":\"BBL con Lucas Carn\u00e9, cofundador y exCEO de Privalia\"}]},{\"@type\":\"WebSite\",\"@id\":\"https:\\\/\\\/www.techbarcelona.com\\\/ca\\\/#website\",\"url\":\"https:\\\/\\\/www.techbarcelona.com\\\/ca\\\/\",\"name\":\"Tech Barcelona\",\"description\":\"\",\"publisher\":{\"@id\":\"https:\\\/\\\/www.techbarcelona.com\\\/ca\\\/#organization\"},\"potentialAction\":[{\"@type\":\"SearchAction\",\"target\":{\"@type\":\"EntryPoint\",\"urlTemplate\":\"https:\\\/\\\/www.techbarcelona.com\\\/ca\\\/?s={search_term_string}\"},\"query-input\":{\"@type\":\"PropertyValueSpecification\",\"valueRequired\":true,\"valueName\":\"search_term_string\"}}],\"inLanguage\":\"ca\"},{\"@type\":\"Organization\",\"@id\":\"https:\\\/\\\/www.techbarcelona.com\\\/ca\\\/#organization\",\"name\":\"Tech Barcelona\",\"url\":\"https:\\\/\\\/www.techbarcelona.com\\\/ca\\\/\",\"logo\":{\"@type\":\"ImageObject\",\"inLanguage\":\"ca\",\"@id\":\"https:\\\/\\\/www.techbarcelona.com\\\/ca\\\/#\\\/schema\\\/logo\\\/image\\\/\",\"url\":\"https:\\\/\\\/www.techbarcelona.com\\\/wp-content\\\/uploads\\\/logo-tech-bcn-black.png\",\"contentUrl\":\"https:\\\/\\\/www.techbarcelona.com\\\/wp-content\\\/uploads\\\/logo-tech-bcn-black.png\",\"width\":347,\"height\":90,\"caption\":\"Tech Barcelona\"},\"image\":{\"@id\":\"https:\\\/\\\/www.techbarcelona.com\\\/ca\\\/#\\\/schema\\\/logo\\\/image\\\/\"},\"sameAs\":[\"https:\\\/\\\/www.facebook.com\\\/BarcelonaTechCity\",\"https:\\\/\\\/x.com\\\/bcntechcity\",\"https:\\\/\\\/www.instagram.com\\\/bcntechcity\\\/\",\"https:\\\/\\\/www.linkedin.com\\\/company\\\/barcelona-tech-city\\\/\",\"https:\\\/\\\/www.youtube.com\\\/channel\\\/UCKX-ZX0pM37GRtVNKgr4Rxg\"]}]}<\/script>\n<!-- \/ Yoast SEO plugin. -->","yoast_head_json":{"title":"BBL con Lucas Carn\u00e9, cofundador y exCEO de Privalia - Tech Barcelona","robots":{"index":"index","follow":"follow","max-snippet":"max-snippet:-1","max-image-preview":"max-image-preview:large","max-video-preview":"max-video-preview:-1"},"canonical":"https:\/\/www.techbarcelona.com\/ca\/event\/bbl-con-lucas-carne-cofundador-y-exceo-de-privalia\/","og_locale":"ca_ES","og_type":"article","og_title":"BBL con Lucas Carn\u00e9, cofundador y exCEO de Privalia - Tech Barcelona","og_description":"\u00bfNunca te has preguntado c\u00f3mo ha llegado hasta ah\u00ed alguien que ha alcanzado el punto m\u00e1s alto en su negocio? En el pr\u00f3ximo BBL tendr\u00e1s la oportunidad de escuchar cu\u00e1l ha sido la trayectoria profesional de uno de los emprendedores de m\u00e1s \u00e9xito de Espa\u00f1a, Lucas Carn\u00e9, con 13 a\u00f1os [&hellip;]","og_url":"https:\/\/www.techbarcelona.com\/ca\/event\/bbl-con-lucas-carne-cofundador-y-exceo-de-privalia\/","og_site_name":"Tech Barcelona","article_publisher":"https:\/\/www.facebook.com\/BarcelonaTechCity","og_image":[{"width":2560,"height":1722,"url":"https:\/\/www.techbarcelona.com\/wp-content\/uploads\/Lucas-Carne-2-scaled.jpg","type":"image\/jpeg"}],"twitter_card":"summary_large_image","twitter_site":"@bcntechcity","twitter_misc":{"Temps estimat de lectura":"1 minut"},"schema":{"@context":"https:\/\/schema.org","@graph":[{"@type":"WebPage","@id":"https:\/\/www.techbarcelona.com\/ca\/event\/bbl-con-lucas-carne-cofundador-y-exceo-de-privalia\/","url":"https:\/\/www.techbarcelona.com\/ca\/event\/bbl-con-lucas-carne-cofundador-y-exceo-de-privalia\/","name":"BBL con Lucas Carn\u00e9, cofundador y exCEO de Privalia - Tech Barcelona","isPartOf":{"@id":"https:\/\/www.techbarcelona.com\/ca\/#website"},"primaryImageOfPage":{"@id":"https:\/\/www.techbarcelona.com\/ca\/event\/bbl-con-lucas-carne-cofundador-y-exceo-de-privalia\/#primaryimage"},"image":{"@id":"https:\/\/www.techbarcelona.com\/ca\/event\/bbl-con-lucas-carne-cofundador-y-exceo-de-privalia\/#primaryimage"},"thumbnailUrl":"https:\/\/www.techbarcelona.com\/wp-content\/uploads\/Lucas-Carne-2-scaled.jpg","datePublished":"2021-06-20T06:40:55+00:00","breadcrumb":{"@id":"https:\/\/www.techbarcelona.com\/ca\/event\/bbl-con-lucas-carne-cofundador-y-exceo-de-privalia\/#breadcrumb"},"inLanguage":"ca","potentialAction":[{"@type":"ReadAction","target":["https:\/\/www.techbarcelona.com\/ca\/event\/bbl-con-lucas-carne-cofundador-y-exceo-de-privalia\/"]}]},{"@type":"ImageObject","inLanguage":"ca","@id":"https:\/\/www.techbarcelona.com\/ca\/event\/bbl-con-lucas-carne-cofundador-y-exceo-de-privalia\/#primaryimage","url":"https:\/\/www.techbarcelona.com\/wp-content\/uploads\/Lucas-Carne-2-scaled.jpg","contentUrl":"https:\/\/www.techbarcelona.com\/wp-content\/uploads\/Lucas-Carne-2-scaled.jpg","width":2560,"height":1722},{"@type":"BreadcrumbList","@id":"https:\/\/www.techbarcelona.com\/ca\/event\/bbl-con-lucas-carne-cofundador-y-exceo-de-privalia\/#breadcrumb","itemListElement":[{"@type":"ListItem","position":1,"name":"Portada","item":"https:\/\/www.techbarcelona.com\/ca\/"},{"@type":"ListItem","position":2,"name":"Events","item":"https:\/\/www.techbarcelona.com\/ca\/event\/"},{"@type":"ListItem","position":3,"name":"BBL con Lucas Carn\u00e9, cofundador y exCEO de Privalia"}]},{"@type":"WebSite","@id":"https:\/\/www.techbarcelona.com\/ca\/#website","url":"https:\/\/www.techbarcelona.com\/ca\/","name":"Tech Barcelona","description":"","publisher":{"@id":"https:\/\/www.techbarcelona.com\/ca\/#organization"},"potentialAction":[{"@type":"SearchAction","target":{"@type":"EntryPoint","urlTemplate":"https:\/\/www.techbarcelona.com\/ca\/?s={search_term_string}"},"query-input":{"@type":"PropertyValueSpecification","valueRequired":true,"valueName":"search_term_string"}}],"inLanguage":"ca"},{"@type":"Organization","@id":"https:\/\/www.techbarcelona.com\/ca\/#organization","name":"Tech Barcelona","url":"https:\/\/www.techbarcelona.com\/ca\/","logo":{"@type":"ImageObject","inLanguage":"ca","@id":"https:\/\/www.techbarcelona.com\/ca\/#\/schema\/logo\/image\/","url":"https:\/\/www.techbarcelona.com\/wp-content\/uploads\/logo-tech-bcn-black.png","contentUrl":"https:\/\/www.techbarcelona.com\/wp-content\/uploads\/logo-tech-bcn-black.png","width":347,"height":90,"caption":"Tech Barcelona"},"image":{"@id":"https:\/\/www.techbarcelona.com\/ca\/#\/schema\/logo\/image\/"},"sameAs":["https:\/\/www.facebook.com\/BarcelonaTechCity","https:\/\/x.com\/bcntechcity","https:\/\/www.instagram.com\/bcntechcity\/","https:\/\/www.linkedin.com\/company\/barcelona-tech-city\/","https:\/\/www.youtube.com\/channel\/UCKX-ZX0pM37GRtVNKgr4Rxg"]}]}},"_links":{"self":[{"href":"https:\/\/www.techbarcelona.com\/ca\/wp-json\/wp\/v2\/event\/17937","targetHints":{"allow":["GET"]}}],"collection":[{"href":"https:\/\/www.techbarcelona.com\/ca\/wp-json\/wp\/v2\/event"}],"about":[{"href":"https:\/\/www.techbarcelona.com\/ca\/wp-json\/wp\/v2\/types\/event"}],"wp:featuredmedia":[{"embeddable":true,"href":"https:\/\/www.techbarcelona.com\/ca\/wp-json\/wp\/v2\/media\/7891"}],"wp:attachment":[{"href":"https:\/\/www.techbarcelona.com\/ca\/wp-json\/wp\/v2\/media?parent=17937"}],"curies":[{"name":"wp","href":"https:\/\/api.w.org\/{rel}","templated":true}]}}