{"id":18003,"date":"2021-06-20T08:42:07","date_gmt":"2021-06-20T06:42:07","guid":{"rendered":"https:\/\/techbcndev.wearefirma.com\/event\/exponential-day-1-by-accio\/"},"modified":"2021-06-20T08:42:07","modified_gmt":"2021-06-20T06:42:07","slug":"exponential-day-1-by-accio","status":"publish","type":"event","link":"https:\/\/www.techbarcelona.com\/ca\/event\/exponential-day-1-by-accio\/","title":{"rendered":"Exponential Day #1 \u2013 By: ACCI\u00d3"},"content":{"rendered":"<p>El futur \u00e9s ahir. La innovaci\u00f3 no \u00e9s suficient. Noves tecnologies creen i destrueixen models de negoci m\u00e9s r\u00e0pidament del que sospitem. Cap sector, cap empresa est\u00e0 a recer de la quarta revoluci\u00f3 industrial. L\u2019exponencialitat no \u00e9s nom\u00e9s una paraula afortunada, sin\u00f3 el nou paradigma de la competitivitat empresarial.<\/p>\n<p>El 17 de juliol t\u2019oferim una jornada \u00fanica que sacsejar\u00e0 la teva empresa i on coneixer\u00e0s les eines pr\u00e0ctiques amb qu\u00e8 aprofitar la revoluci\u00f3 de les tecnologies exponencials.<\/p>\n<h5>Vols ser l&#8217;Uber del textil?\u00a0El Netflix de l&#8217;alimentaci\u00f3?\u00a0L&#8217;AirBnb de la salut?<\/h5>\n<p>&nbsp;<\/p>\n<p><img loading=\"lazy\" decoding=\"async\" class=\"alignnone wp-image-16179\" src=\"https:\/\/www.techbarcelona.com\/wp-content\/uploads\/bannerExponential.jpg\" alt=\"\" width=\"665\" height=\"367\" \/><\/p>\n<p>&nbsp;<\/p>\n<p>Si alg\u00fa sap qu\u00e8 \u00e9s i com es pot transformar una empresa en una organitzaci\u00f3 exponencial, \u00e9s <strong>Salim Ismail<\/strong>. L&#8217;Exponential Day d&#8217;ACCI\u00d3 \u00e9s una ocasi\u00f3 \u00fanica per con\u00e8ixer de primera m\u00e0 el referent global de la disrupci\u00f3 al m\u00f3n empresarial.<\/p>\n<p>Salim Ismail \u00e9s l&#8217;autor del best-seller <em>&#8220;Exponential Organizations&#8221;<\/em> i de la metodologia que porta l&#8217;exponencialitat de la teoria a la pr\u00e0ctica. Ha estat Fundador i Director Executiu de la <strong>Singularity University<\/strong> i actualment est\u00e0 impulsant <a href=\"https:\/\/www.openexo.com\/\" target=\"_blank\" rel=\"noopener\">OpenExO<\/a>, la plataforma per accelerar la transformaci\u00f3 de les empreses en <strong>organitzacions exponencials<\/strong>.<\/p>\n<p>OpenExO, amb els seus principals actors, Salim Ismail i Francisco Palao, s\u00f3n els conspiradors necessaris per a l&#8217;Exponential Day #1. <a href=\"http:\/\/agenda.accio.gencat.cat\/inscripcions\/-\/inscripcio\/2019\/07\/17\/pl8DV47_VO49nz_z85jUAA\/exponential-day-1\">Aprofita&#8217;ls<\/a>!<\/p>\n<hr \/>\n<h2 class=\"subtitle\"><span id=\"workshop\">Programa obert<\/span><\/h2>\n<p><span style=\"font-size: 1rem;\">De 9h a 13h del mat\u00ed, l\u2019<\/span><strong style=\"font-size: 1rem;\">Exponential Day<\/strong><span style=\"font-size: 1rem;\"> \u00e9s una jornada oberta per a empreses innovadores, startups i professionals que volen sacsejar el seu negoci. <\/span><a style=\"font-size: 1rem;\" href=\"http:\/\/agenda.accio.gencat.cat\/inscripcions\/-\/inscripcio\/2019\/07\/17\/pl8DV47_VO49nz_z85jUAA\/exponential-day-1\">Inscriu-t\u2019hi ja i assegura\u2019t la teva pla\u00e7a!<\/a><\/p>\n<p><span style=\"font-size: 1rem;\">8.30h \u2013\u00a0<\/span><span style=\"font-size: 1rem;\">Acreditaci\u00f3 i acc\u00e9s al recinte<\/span><\/p>\n<p><span style=\"font-size: 1rem;\">9.00h \u2013\u00a0<\/span>Benvinguda\u00a0<em style=\"font-size: 1rem;\">Hble. Sra. \u00c0ngels Chac\u00f3n, consellera d&#8217;Empresa i Coneixement<\/em><\/p>\n<p><span style=\"font-size: 1rem;\">9.30h \u2013\u00a0<\/span>La Revoluci\u00f3 exponencial: tipologies, tend\u00e8ncies i terratr\u00e8mols que transformaran el m\u00f3n de l\u2019empresa tan si vols com si no vols\u00a0<em style=\"font-size: 1rem;\">Salim Ismail, OpenExO Chairman<\/em><\/p>\n<p><span style=\"font-size: 1rem;\">10.30h \u2013\u00a0<\/span><span style=\"font-size: 1rem;\">Coffee please<\/span><\/p>\n<p><span style=\"font-size: 1rem;\">11.00h \u2013\u00a0<\/span>Com exponencialitzar la teva empresa i (no) morir en l\u2019intent\u00a0<em style=\"font-size: 1rem;\">Francisco Palao, OpenExO vice-chairman<\/em><\/p>\n<p><span style=\"font-size: 1rem;\">12.00h \u2013\u00a0<\/span>Els protagonistes: 4 empreses catalanes davant els reptes de la revoluci\u00f3 exponencial<\/p>\n<hr \/>\n<h2 class=\"subtitle\"><span id=\"workshop\">Exponential Workshop<\/span><\/h2>\n<h4 class=\"subtitle\"><span id=\"workshop\">14.30 h &#8211; 17.30 h<\/span><\/h4>\n<p class=\"subtitle\"><span style=\"font-size: 1rem;\">La segona part de la jornada ser\u00e0 una sessi\u00f3 pr\u00e0ctica de treball. Un <a href=\"http:\/\/newsletters.accio.gencat.cat\/NewsLinksServlet\/46823067\/7DHO3LWBOAIYDO3VOM75Y4WATY\" target=\"_blank\" rel=\"noopener\"><strong>workshop<\/strong><\/a> per a professionals amb capacitat d\u2019activar projectes d\u2019innovaci\u00f3 disruptiva, on descobrir\u00e0s les metodologies exponencials a trav\u00e9s d\u2019exercicis i reptes pr\u00e0ctics. La tarda de l\u2019Exponential Day la convertirem en un <\/span>taller interactiu per tastar les metodologies exponencials<span style=\"font-size: 1rem;\"> a trav\u00e9s d\u2019exercicis o reptes pr\u00e0ctics.<\/span><\/p>\n<section class=\"padding-xs padding-sm padding-md colorSectionOdd\">\n<article class=\"container fullcontainer-xs\">\n<div class=\"row\">\n<div id=\"center_5R\">\n<div id=\"ce2ed101-9406-11e9-a7f0-005056924a59\" class=\"fpca_article pd-15\">\n<div>\n<h2 class=\"basic_title col-sm-12 pd-10\"><\/h2>\n<div>\n<div class=\"row\">\n<div class=\"col-xs-12 columna_esquerra\">\n<div class=\"cos_bloc basic_text_peq pd-15\">\n<div class=\"participants-seminaris\">\n<div class=\"row\">\n<div class=\"col-sm-4\">\n<div><\/div>\n<div class=\"amb_text noticia clearfix\"><img decoding=\"async\" src=\"http:\/\/www.accio.gencat.cat\/web\/.content\/04_Activitats\/grans_actes\/exponential-day\/2019\/img\/repte1.png\" alt=\"Michal Chabasiewicz\" width=\"45%\" \/><strong>Repte #1: Tecnologies exponencials<\/strong><br \/>\nSeleccionem tres tecnologies que poden sacsejar un sector o una ind\u00fastria a curt i mig termini. N\u2019analitzem riscos i oportunitats. Treballem sobre exemples i casos pr\u00e0ctics.<\/div>\n<\/div>\n<div class=\"col-sm-4\">\n<div><\/div>\n<div class=\"amb_text noticia clearfix\"><img decoding=\"async\" src=\"http:\/\/www.accio.gencat.cat\/web\/.content\/04_Activitats\/grans_actes\/exponential-day\/2019\/img\/repte2.png\" alt=\"Josep M. Buades\" width=\"45%\" \/><strong>Repte #2: Atributs exponencials<\/strong><br \/>\nCom s\u2019apliquen els 10 atributs de les organitzacions exponencials a les empreses? Analitzem de forma pr\u00e0ctica com s\u2019interrelacionen i s\u2019implementen aquests atributs.<\/div>\n<\/div>\n<div class=\"col-sm-4\">\n<div><\/div>\n<div class=\"amb_text noticia clearfix\"><img decoding=\"async\" src=\"http:\/\/www.accio.gencat.cat\/web\/.content\/04_Activitats\/grans_actes\/exponential-day\/2019\/img\/repte3.png\" alt=\"Ramon Termens\" width=\"45%\" \/><strong>Repte #3: Core vs. Edge<\/strong><br \/>\nQu\u00e8 diferencia la innovaci\u00f3 de la disrupci\u00f3? Quins models de negoci neixen de l\u2019economia de l\u2019abund\u00e0ncia? Identificarem iniciatives \u201ccore\u201d i iniciatives \u201cedge\u201d a trav\u00e9s de casos reals.<\/div>\n<\/div>\n<\/div>\n<\/div>\n<\/div>\n<\/div>\n<\/div>\n<\/div>\n<\/div>\n<\/div>\n<\/div>\n<\/div>\n<\/article>\n<\/section>\n","protected":false},"featured_media":8272,"template":"","class_list":["post-18003","event","type-event","status-publish","has-post-thumbnail","hentry"],"acf":[],"yoast_head":"<!-- This site is optimized with the Yoast SEO plugin v27.5 - https:\/\/yoast.com\/product\/yoast-seo-wordpress\/ -->\n<title>Exponential Day #1 \u2013 By: ACCI\u00d3 - Tech Barcelona<\/title>\n<meta name=\"robots\" content=\"index, follow, max-snippet:-1, max-image-preview:large, max-video-preview:-1\" \/>\n<link rel=\"canonical\" href=\"https:\/\/www.techbarcelona.com\/ca\/event\/exponential-day-1-by-accio\/\" \/>\n<meta property=\"og:locale\" content=\"ca_ES\" \/>\n<meta property=\"og:type\" content=\"article\" \/>\n<meta property=\"og:title\" content=\"Exponential Day #1 \u2013 By: ACCI\u00d3 - Tech Barcelona\" \/>\n<meta property=\"og:description\" content=\"El futur \u00e9s ahir. La innovaci\u00f3 no \u00e9s suficient. Noves tecnologies creen i destrueixen models de negoci m\u00e9s r\u00e0pidament del que sospitem. Cap sector, cap empresa est\u00e0 a recer de la quarta revoluci\u00f3 industrial. L\u2019exponencialitat no \u00e9s nom\u00e9s una paraula afortunada, sin\u00f3 el nou paradigma de la competitivitat empresarial. El [&hellip;]\" \/>\n<meta property=\"og:url\" content=\"https:\/\/www.techbarcelona.com\/ca\/event\/exponential-day-1-by-accio\/\" \/>\n<meta property=\"og:site_name\" content=\"Tech Barcelona\" \/>\n<meta property=\"article:publisher\" content=\"https:\/\/www.facebook.com\/BarcelonaTechCity\" \/>\n<meta property=\"og:image\" content=\"https:\/\/www.techbarcelona.com\/wp-content\/uploads\/exponential_startup-scaled.jpg\" \/>\n\t<meta property=\"og:image:width\" content=\"2560\" \/>\n\t<meta property=\"og:image:height\" content=\"1707\" \/>\n\t<meta property=\"og:image:type\" content=\"image\/jpeg\" \/>\n<meta name=\"twitter:card\" content=\"summary_large_image\" \/>\n<meta name=\"twitter:site\" content=\"@bcntechcity\" \/>\n<meta name=\"twitter:label1\" content=\"Temps estimat de lectura\" \/>\n\t<meta name=\"twitter:data1\" content=\"2 minuts\" \/>\n<script type=\"application\/ld+json\" class=\"yoast-schema-graph\">{\"@context\":\"https:\\\/\\\/schema.org\",\"@graph\":[{\"@type\":\"WebPage\",\"@id\":\"https:\\\/\\\/www.techbarcelona.com\\\/ca\\\/event\\\/exponential-day-1-by-accio\\\/\",\"url\":\"https:\\\/\\\/www.techbarcelona.com\\\/ca\\\/event\\\/exponential-day-1-by-accio\\\/\",\"name\":\"Exponential Day #1 \u2013 By: ACCI\u00d3 - Tech Barcelona\",\"isPartOf\":{\"@id\":\"https:\\\/\\\/www.techbarcelona.com\\\/ca\\\/#website\"},\"primaryImageOfPage\":{\"@id\":\"https:\\\/\\\/www.techbarcelona.com\\\/ca\\\/event\\\/exponential-day-1-by-accio\\\/#primaryimage\"},\"image\":{\"@id\":\"https:\\\/\\\/www.techbarcelona.com\\\/ca\\\/event\\\/exponential-day-1-by-accio\\\/#primaryimage\"},\"thumbnailUrl\":\"https:\\\/\\\/www.techbarcelona.com\\\/wp-content\\\/uploads\\\/exponential_startup-scaled.jpg\",\"datePublished\":\"2021-06-20T06:42:07+00:00\",\"breadcrumb\":{\"@id\":\"https:\\\/\\\/www.techbarcelona.com\\\/ca\\\/event\\\/exponential-day-1-by-accio\\\/#breadcrumb\"},\"inLanguage\":\"ca\",\"potentialAction\":[{\"@type\":\"ReadAction\",\"target\":[\"https:\\\/\\\/www.techbarcelona.com\\\/ca\\\/event\\\/exponential-day-1-by-accio\\\/\"]}]},{\"@type\":\"ImageObject\",\"inLanguage\":\"ca\",\"@id\":\"https:\\\/\\\/www.techbarcelona.com\\\/ca\\\/event\\\/exponential-day-1-by-accio\\\/#primaryimage\",\"url\":\"https:\\\/\\\/www.techbarcelona.com\\\/wp-content\\\/uploads\\\/exponential_startup-scaled.jpg\",\"contentUrl\":\"https:\\\/\\\/www.techbarcelona.com\\\/wp-content\\\/uploads\\\/exponential_startup-scaled.jpg\",\"width\":2560,\"height\":1707},{\"@type\":\"BreadcrumbList\",\"@id\":\"https:\\\/\\\/www.techbarcelona.com\\\/ca\\\/event\\\/exponential-day-1-by-accio\\\/#breadcrumb\",\"itemListElement\":[{\"@type\":\"ListItem\",\"position\":1,\"name\":\"Portada\",\"item\":\"https:\\\/\\\/www.techbarcelona.com\\\/ca\\\/\"},{\"@type\":\"ListItem\",\"position\":2,\"name\":\"Events\",\"item\":\"https:\\\/\\\/www.techbarcelona.com\\\/ca\\\/event\\\/\"},{\"@type\":\"ListItem\",\"position\":3,\"name\":\"Exponential Day #1 \u2013 By: ACCI\u00d3\"}]},{\"@type\":\"WebSite\",\"@id\":\"https:\\\/\\\/www.techbarcelona.com\\\/ca\\\/#website\",\"url\":\"https:\\\/\\\/www.techbarcelona.com\\\/ca\\\/\",\"name\":\"Tech Barcelona\",\"description\":\"\",\"publisher\":{\"@id\":\"https:\\\/\\\/www.techbarcelona.com\\\/ca\\\/#organization\"},\"potentialAction\":[{\"@type\":\"SearchAction\",\"target\":{\"@type\":\"EntryPoint\",\"urlTemplate\":\"https:\\\/\\\/www.techbarcelona.com\\\/ca\\\/?s={search_term_string}\"},\"query-input\":{\"@type\":\"PropertyValueSpecification\",\"valueRequired\":true,\"valueName\":\"search_term_string\"}}],\"inLanguage\":\"ca\"},{\"@type\":\"Organization\",\"@id\":\"https:\\\/\\\/www.techbarcelona.com\\\/ca\\\/#organization\",\"name\":\"Tech Barcelona\",\"url\":\"https:\\\/\\\/www.techbarcelona.com\\\/ca\\\/\",\"logo\":{\"@type\":\"ImageObject\",\"inLanguage\":\"ca\",\"@id\":\"https:\\\/\\\/www.techbarcelona.com\\\/ca\\\/#\\\/schema\\\/logo\\\/image\\\/\",\"url\":\"https:\\\/\\\/www.techbarcelona.com\\\/wp-content\\\/uploads\\\/logo-tech-bcn-black.png\",\"contentUrl\":\"https:\\\/\\\/www.techbarcelona.com\\\/wp-content\\\/uploads\\\/logo-tech-bcn-black.png\",\"width\":347,\"height\":90,\"caption\":\"Tech Barcelona\"},\"image\":{\"@id\":\"https:\\\/\\\/www.techbarcelona.com\\\/ca\\\/#\\\/schema\\\/logo\\\/image\\\/\"},\"sameAs\":[\"https:\\\/\\\/www.facebook.com\\\/BarcelonaTechCity\",\"https:\\\/\\\/x.com\\\/bcntechcity\",\"https:\\\/\\\/www.instagram.com\\\/bcntechcity\\\/\",\"https:\\\/\\\/www.linkedin.com\\\/company\\\/barcelona-tech-city\\\/\",\"https:\\\/\\\/www.youtube.com\\\/channel\\\/UCKX-ZX0pM37GRtVNKgr4Rxg\"]}]}<\/script>\n<!-- \/ Yoast SEO plugin. -->","yoast_head_json":{"title":"Exponential Day #1 \u2013 By: ACCI\u00d3 - Tech Barcelona","robots":{"index":"index","follow":"follow","max-snippet":"max-snippet:-1","max-image-preview":"max-image-preview:large","max-video-preview":"max-video-preview:-1"},"canonical":"https:\/\/www.techbarcelona.com\/ca\/event\/exponential-day-1-by-accio\/","og_locale":"ca_ES","og_type":"article","og_title":"Exponential Day #1 \u2013 By: ACCI\u00d3 - Tech Barcelona","og_description":"El futur \u00e9s ahir. La innovaci\u00f3 no \u00e9s suficient. Noves tecnologies creen i destrueixen models de negoci m\u00e9s r\u00e0pidament del que sospitem. Cap sector, cap empresa est\u00e0 a recer de la quarta revoluci\u00f3 industrial. L\u2019exponencialitat no \u00e9s nom\u00e9s una paraula afortunada, sin\u00f3 el nou paradigma de la competitivitat empresarial. El [&hellip;]","og_url":"https:\/\/www.techbarcelona.com\/ca\/event\/exponential-day-1-by-accio\/","og_site_name":"Tech Barcelona","article_publisher":"https:\/\/www.facebook.com\/BarcelonaTechCity","og_image":[{"width":2560,"height":1707,"url":"https:\/\/www.techbarcelona.com\/wp-content\/uploads\/exponential_startup-scaled.jpg","type":"image\/jpeg"}],"twitter_card":"summary_large_image","twitter_site":"@bcntechcity","twitter_misc":{"Temps estimat de lectura":"2 minuts"},"schema":{"@context":"https:\/\/schema.org","@graph":[{"@type":"WebPage","@id":"https:\/\/www.techbarcelona.com\/ca\/event\/exponential-day-1-by-accio\/","url":"https:\/\/www.techbarcelona.com\/ca\/event\/exponential-day-1-by-accio\/","name":"Exponential Day #1 \u2013 By: ACCI\u00d3 - Tech Barcelona","isPartOf":{"@id":"https:\/\/www.techbarcelona.com\/ca\/#website"},"primaryImageOfPage":{"@id":"https:\/\/www.techbarcelona.com\/ca\/event\/exponential-day-1-by-accio\/#primaryimage"},"image":{"@id":"https:\/\/www.techbarcelona.com\/ca\/event\/exponential-day-1-by-accio\/#primaryimage"},"thumbnailUrl":"https:\/\/www.techbarcelona.com\/wp-content\/uploads\/exponential_startup-scaled.jpg","datePublished":"2021-06-20T06:42:07+00:00","breadcrumb":{"@id":"https:\/\/www.techbarcelona.com\/ca\/event\/exponential-day-1-by-accio\/#breadcrumb"},"inLanguage":"ca","potentialAction":[{"@type":"ReadAction","target":["https:\/\/www.techbarcelona.com\/ca\/event\/exponential-day-1-by-accio\/"]}]},{"@type":"ImageObject","inLanguage":"ca","@id":"https:\/\/www.techbarcelona.com\/ca\/event\/exponential-day-1-by-accio\/#primaryimage","url":"https:\/\/www.techbarcelona.com\/wp-content\/uploads\/exponential_startup-scaled.jpg","contentUrl":"https:\/\/www.techbarcelona.com\/wp-content\/uploads\/exponential_startup-scaled.jpg","width":2560,"height":1707},{"@type":"BreadcrumbList","@id":"https:\/\/www.techbarcelona.com\/ca\/event\/exponential-day-1-by-accio\/#breadcrumb","itemListElement":[{"@type":"ListItem","position":1,"name":"Portada","item":"https:\/\/www.techbarcelona.com\/ca\/"},{"@type":"ListItem","position":2,"name":"Events","item":"https:\/\/www.techbarcelona.com\/ca\/event\/"},{"@type":"ListItem","position":3,"name":"Exponential Day #1 \u2013 By: ACCI\u00d3"}]},{"@type":"WebSite","@id":"https:\/\/www.techbarcelona.com\/ca\/#website","url":"https:\/\/www.techbarcelona.com\/ca\/","name":"Tech Barcelona","description":"","publisher":{"@id":"https:\/\/www.techbarcelona.com\/ca\/#organization"},"potentialAction":[{"@type":"SearchAction","target":{"@type":"EntryPoint","urlTemplate":"https:\/\/www.techbarcelona.com\/ca\/?s={search_term_string}"},"query-input":{"@type":"PropertyValueSpecification","valueRequired":true,"valueName":"search_term_string"}}],"inLanguage":"ca"},{"@type":"Organization","@id":"https:\/\/www.techbarcelona.com\/ca\/#organization","name":"Tech Barcelona","url":"https:\/\/www.techbarcelona.com\/ca\/","logo":{"@type":"ImageObject","inLanguage":"ca","@id":"https:\/\/www.techbarcelona.com\/ca\/#\/schema\/logo\/image\/","url":"https:\/\/www.techbarcelona.com\/wp-content\/uploads\/logo-tech-bcn-black.png","contentUrl":"https:\/\/www.techbarcelona.com\/wp-content\/uploads\/logo-tech-bcn-black.png","width":347,"height":90,"caption":"Tech Barcelona"},"image":{"@id":"https:\/\/www.techbarcelona.com\/ca\/#\/schema\/logo\/image\/"},"sameAs":["https:\/\/www.facebook.com\/BarcelonaTechCity","https:\/\/x.com\/bcntechcity","https:\/\/www.instagram.com\/bcntechcity\/","https:\/\/www.linkedin.com\/company\/barcelona-tech-city\/","https:\/\/www.youtube.com\/channel\/UCKX-ZX0pM37GRtVNKgr4Rxg"]}]}},"_links":{"self":[{"href":"https:\/\/www.techbarcelona.com\/ca\/wp-json\/wp\/v2\/event\/18003","targetHints":{"allow":["GET"]}}],"collection":[{"href":"https:\/\/www.techbarcelona.com\/ca\/wp-json\/wp\/v2\/event"}],"about":[{"href":"https:\/\/www.techbarcelona.com\/ca\/wp-json\/wp\/v2\/types\/event"}],"wp:featuredmedia":[{"embeddable":true,"href":"https:\/\/www.techbarcelona.com\/ca\/wp-json\/wp\/v2\/media\/8272"}],"wp:attachment":[{"href":"https:\/\/www.techbarcelona.com\/ca\/wp-json\/wp\/v2\/media?parent=18003"}],"curies":[{"name":"wp","href":"https:\/\/api.w.org\/{rel}","templated":true}]}}