{"id":18174,"date":"2021-06-20T08:44:33","date_gmt":"2021-06-20T06:44:33","guid":{"rendered":"https:\/\/techbcndev.wearefirma.com\/event\/technology-summer-show-ibiza-2020\/"},"modified":"2021-06-20T08:44:33","modified_gmt":"2021-06-20T06:44:33","slug":"technology-summer-show-ibiza-2020","status":"publish","type":"event","link":"https:\/\/www.techbarcelona.com\/ca\/event\/technology-summer-show-ibiza-2020\/","title":{"rendered":"Technology Summer Show Ibiza 2020"},"content":{"rendered":"<p>Jordi Carb\u00f3, Carlos Puertas y Dany Antoine, tres de los impulsores de este nuevo evento, presentaron ayer en Barcelona los detalles de esta nueva cita del sector, que pretende mostrar un nuevo formato que se aleje de \u201cmodelos m\u00e1s caducos como los que hay actualmente\u201d.<br \/>\nCarb\u00f3, CEO de Carb\u00f3 Business Consulting, empresa con una dilatada trayectoria en el mundo de la tecnolog\u00eda, destac\u00f3 que la voluntad de Technology Summer Show (TTS) no es competir con IFA o CES, sino \u201cser un player m\u00e1s, con un componente de calidad, altruismo y sostenibilidad que aporte valor a\u00f1adido al sector\u201d. En este sentido, la feria tiene previsto albergar un espacio que ponga el foco en las mujeres; y donar\u00e1 una parte de los beneficios a tres entidades sin \u00e1nimo de lucro, entre otras iniciativas.<br \/>\n\u201cEspa\u00f1a no tiene una feria potente para ser el cl\u00faster de tecnolog\u00eda que somos. El MWC en cualquier momento se puede ir a otra ciudad. Apostamos por un evento dirigido tanto al B2B como al B2C, que d\u00e9 relevancia al talento y donde haya m\u00e1s interacci\u00f3n y networking\u201d, se\u00f1al\u00f3 Carb\u00f3.<\/p>\n<p>La elecci\u00f3n de Ibiza responde a las posibilidades de disfrutar que ofrece a los visitantes y expositores, m\u00e1s all\u00e1 del ocio nocturno, y a la infraestructura hotelera m\u00e1s asequible y menos colapsada que la de las grandes ciudades, seg\u00fan los organizadores.<br \/>\nLa feria se celebrar\u00e1 en la zona de convenciones de la isla y podr\u00e1 albergar en sus 5.900 m2 a 120 expositores, que podr\u00e1n elegir entre tres modalidades de participaci\u00f3n. Tanto el ICEX, como el Consell Insular d\u2019Eivissa y el Ajuntament de la ciudad colaboran con el evento y se han mostrado muy receptivos.<br \/>\nSeg\u00fan Carlos Puertas, director comercial del TTS, ya hay un 20% de pre-reservas realizadas y el feeling es muy positivo. \u201cEmpresas como Tesla o Telef\u00f3nica ya han mostrado su apoyo. Esperamos un 35% de expositores europeos, un 40% de asi\u00e1ticos, un 10% de americanos y el resto de Oriente Medio\u201d, destac\u00f3.<\/p>\n<p>En cuanto a visitantes, se prev\u00e9 que el mayor grueso sea de Europa (60%). Todos los expositores recibir\u00e1n un paquete de entradas gratuitas para que puedan atraer a su p\u00fablico de inter\u00e9s.<br \/>\nEl encuentro acoger\u00e1 a empresas tanto del sector de la l\u00ednea marr\u00f3n, como del audio, smarthome, hardware y software, componentes, RV y gaming, mobile, PAE y movilidad urbana.<br \/>\nEn lo que respecta a la celebraci\u00f3n de la feria en 2020, se debe a la voluntad de preparar bien el encuentro y por la coincidencia con el lanzamiento del 5G, \u201cque provocar\u00e1 que sea un muy buen momento para comunicar\u201d, seg\u00fan Puertas.<br \/>\nPara Dany Antoine, otra de las personas clave en la organizaci\u00f3n del TTS, \u201cla clave del evento est\u00e1 en buscar el lado humano del negocio. Las ferias convencionales no se renuevan, siempre son iguales. Nuestro acercamiento no se basa solo en el negocio, tambi\u00e9n buscamos esa relaci\u00f3n humana y la confianza\u201d. Para Antoine, el atractivo precio de la participaci\u00f3n en el evento junto con el nuevo enfoque que aporta garantiza el ROI a cualquier participante.<\/p>\n<p><img loading=\"lazy\" decoding=\"async\" class=\"alignnone wp-image-22222\" src=\"https:\/\/www.techbarcelona.com\/wp-content\/uploads\/TSS-2020-BTC.jpg\" alt=\"\" width=\"717\" height=\"396\" \/><\/p>\n","protected":false},"featured_media":12668,"template":"","class_list":["post-18174","event","type-event","status-publish","has-post-thumbnail","hentry"],"acf":[],"yoast_head":"<!-- This site is optimized with the Yoast SEO plugin v27.5 - https:\/\/yoast.com\/product\/yoast-seo-wordpress\/ -->\n<title>Technology Summer Show Ibiza 2020 - Tech Barcelona<\/title>\n<meta name=\"robots\" content=\"index, follow, max-snippet:-1, max-image-preview:large, max-video-preview:-1\" \/>\n<link rel=\"canonical\" href=\"https:\/\/www.techbarcelona.com\/ca\/event\/technology-summer-show-ibiza-2020\/\" \/>\n<meta property=\"og:locale\" content=\"ca_ES\" \/>\n<meta property=\"og:type\" content=\"article\" \/>\n<meta property=\"og:title\" content=\"Technology Summer Show Ibiza 2020 - Tech Barcelona\" \/>\n<meta property=\"og:description\" content=\"Jordi Carb\u00f3, Carlos Puertas y Dany Antoine, tres de los impulsores de este nuevo evento, presentaron ayer en Barcelona los detalles de esta nueva cita del sector, que pretende mostrar un nuevo formato que se aleje de \u201cmodelos m\u00e1s caducos como los que hay actualmente\u201d. Carb\u00f3, CEO de Carb\u00f3 Business [&hellip;]\" \/>\n<meta property=\"og:url\" content=\"https:\/\/www.techbarcelona.com\/ca\/event\/technology-summer-show-ibiza-2020\/\" \/>\n<meta property=\"og:site_name\" content=\"Tech Barcelona\" \/>\n<meta property=\"article:publisher\" content=\"https:\/\/www.facebook.com\/BarcelonaTechCity\" \/>\n<meta property=\"og:image\" content=\"https:\/\/www.techbarcelona.com\/wp-content\/uploads\/david-svihovec-QXz_1KjsLyo-unsplash-scaled.jpg\" \/>\n\t<meta property=\"og:image:width\" content=\"2049\" \/>\n\t<meta property=\"og:image:height\" content=\"2560\" \/>\n\t<meta property=\"og:image:type\" content=\"image\/jpeg\" \/>\n<meta name=\"twitter:card\" content=\"summary_large_image\" \/>\n<meta name=\"twitter:site\" content=\"@bcntechcity\" \/>\n<meta name=\"twitter:label1\" content=\"Temps estimat de lectura\" \/>\n\t<meta name=\"twitter:data1\" content=\"3 minuts\" \/>\n<script type=\"application\/ld+json\" class=\"yoast-schema-graph\">{\"@context\":\"https:\\\/\\\/schema.org\",\"@graph\":[{\"@type\":\"WebPage\",\"@id\":\"https:\\\/\\\/www.techbarcelona.com\\\/ca\\\/event\\\/technology-summer-show-ibiza-2020\\\/\",\"url\":\"https:\\\/\\\/www.techbarcelona.com\\\/ca\\\/event\\\/technology-summer-show-ibiza-2020\\\/\",\"name\":\"Technology Summer Show Ibiza 2020 - Tech Barcelona\",\"isPartOf\":{\"@id\":\"https:\\\/\\\/www.techbarcelona.com\\\/ca\\\/#website\"},\"primaryImageOfPage\":{\"@id\":\"https:\\\/\\\/www.techbarcelona.com\\\/ca\\\/event\\\/technology-summer-show-ibiza-2020\\\/#primaryimage\"},\"image\":{\"@id\":\"https:\\\/\\\/www.techbarcelona.com\\\/ca\\\/event\\\/technology-summer-show-ibiza-2020\\\/#primaryimage\"},\"thumbnailUrl\":\"https:\\\/\\\/www.techbarcelona.com\\\/wp-content\\\/uploads\\\/david-svihovec-QXz_1KjsLyo-unsplash-scaled.jpg\",\"datePublished\":\"2021-06-20T06:44:33+00:00\",\"breadcrumb\":{\"@id\":\"https:\\\/\\\/www.techbarcelona.com\\\/ca\\\/event\\\/technology-summer-show-ibiza-2020\\\/#breadcrumb\"},\"inLanguage\":\"ca\",\"potentialAction\":[{\"@type\":\"ReadAction\",\"target\":[\"https:\\\/\\\/www.techbarcelona.com\\\/ca\\\/event\\\/technology-summer-show-ibiza-2020\\\/\"]}]},{\"@type\":\"ImageObject\",\"inLanguage\":\"ca\",\"@id\":\"https:\\\/\\\/www.techbarcelona.com\\\/ca\\\/event\\\/technology-summer-show-ibiza-2020\\\/#primaryimage\",\"url\":\"https:\\\/\\\/www.techbarcelona.com\\\/wp-content\\\/uploads\\\/david-svihovec-QXz_1KjsLyo-unsplash-scaled.jpg\",\"contentUrl\":\"https:\\\/\\\/www.techbarcelona.com\\\/wp-content\\\/uploads\\\/david-svihovec-QXz_1KjsLyo-unsplash-scaled.jpg\",\"width\":2049,\"height\":2560},{\"@type\":\"BreadcrumbList\",\"@id\":\"https:\\\/\\\/www.techbarcelona.com\\\/ca\\\/event\\\/technology-summer-show-ibiza-2020\\\/#breadcrumb\",\"itemListElement\":[{\"@type\":\"ListItem\",\"position\":1,\"name\":\"Portada\",\"item\":\"https:\\\/\\\/www.techbarcelona.com\\\/ca\\\/\"},{\"@type\":\"ListItem\",\"position\":2,\"name\":\"Events\",\"item\":\"https:\\\/\\\/www.techbarcelona.com\\\/ca\\\/event\\\/\"},{\"@type\":\"ListItem\",\"position\":3,\"name\":\"Technology Summer Show Ibiza 2020\"}]},{\"@type\":\"WebSite\",\"@id\":\"https:\\\/\\\/www.techbarcelona.com\\\/ca\\\/#website\",\"url\":\"https:\\\/\\\/www.techbarcelona.com\\\/ca\\\/\",\"name\":\"Tech Barcelona\",\"description\":\"\",\"publisher\":{\"@id\":\"https:\\\/\\\/www.techbarcelona.com\\\/ca\\\/#organization\"},\"potentialAction\":[{\"@type\":\"SearchAction\",\"target\":{\"@type\":\"EntryPoint\",\"urlTemplate\":\"https:\\\/\\\/www.techbarcelona.com\\\/ca\\\/?s={search_term_string}\"},\"query-input\":{\"@type\":\"PropertyValueSpecification\",\"valueRequired\":true,\"valueName\":\"search_term_string\"}}],\"inLanguage\":\"ca\"},{\"@type\":\"Organization\",\"@id\":\"https:\\\/\\\/www.techbarcelona.com\\\/ca\\\/#organization\",\"name\":\"Tech Barcelona\",\"url\":\"https:\\\/\\\/www.techbarcelona.com\\\/ca\\\/\",\"logo\":{\"@type\":\"ImageObject\",\"inLanguage\":\"ca\",\"@id\":\"https:\\\/\\\/www.techbarcelona.com\\\/ca\\\/#\\\/schema\\\/logo\\\/image\\\/\",\"url\":\"https:\\\/\\\/www.techbarcelona.com\\\/wp-content\\\/uploads\\\/logo-tech-bcn-black.png\",\"contentUrl\":\"https:\\\/\\\/www.techbarcelona.com\\\/wp-content\\\/uploads\\\/logo-tech-bcn-black.png\",\"width\":347,\"height\":90,\"caption\":\"Tech Barcelona\"},\"image\":{\"@id\":\"https:\\\/\\\/www.techbarcelona.com\\\/ca\\\/#\\\/schema\\\/logo\\\/image\\\/\"},\"sameAs\":[\"https:\\\/\\\/www.facebook.com\\\/BarcelonaTechCity\",\"https:\\\/\\\/x.com\\\/bcntechcity\",\"https:\\\/\\\/www.instagram.com\\\/bcntechcity\\\/\",\"https:\\\/\\\/www.linkedin.com\\\/company\\\/barcelona-tech-city\\\/\",\"https:\\\/\\\/www.youtube.com\\\/channel\\\/UCKX-ZX0pM37GRtVNKgr4Rxg\"]}]}<\/script>\n<!-- \/ Yoast SEO plugin. -->","yoast_head_json":{"title":"Technology Summer Show Ibiza 2020 - Tech Barcelona","robots":{"index":"index","follow":"follow","max-snippet":"max-snippet:-1","max-image-preview":"max-image-preview:large","max-video-preview":"max-video-preview:-1"},"canonical":"https:\/\/www.techbarcelona.com\/ca\/event\/technology-summer-show-ibiza-2020\/","og_locale":"ca_ES","og_type":"article","og_title":"Technology Summer Show Ibiza 2020 - Tech Barcelona","og_description":"Jordi Carb\u00f3, Carlos Puertas y Dany Antoine, tres de los impulsores de este nuevo evento, presentaron ayer en Barcelona los detalles de esta nueva cita del sector, que pretende mostrar un nuevo formato que se aleje de \u201cmodelos m\u00e1s caducos como los que hay actualmente\u201d. Carb\u00f3, CEO de Carb\u00f3 Business [&hellip;]","og_url":"https:\/\/www.techbarcelona.com\/ca\/event\/technology-summer-show-ibiza-2020\/","og_site_name":"Tech Barcelona","article_publisher":"https:\/\/www.facebook.com\/BarcelonaTechCity","og_image":[{"width":2049,"height":2560,"url":"https:\/\/www.techbarcelona.com\/wp-content\/uploads\/david-svihovec-QXz_1KjsLyo-unsplash-scaled.jpg","type":"image\/jpeg"}],"twitter_card":"summary_large_image","twitter_site":"@bcntechcity","twitter_misc":{"Temps estimat de lectura":"3 minuts"},"schema":{"@context":"https:\/\/schema.org","@graph":[{"@type":"WebPage","@id":"https:\/\/www.techbarcelona.com\/ca\/event\/technology-summer-show-ibiza-2020\/","url":"https:\/\/www.techbarcelona.com\/ca\/event\/technology-summer-show-ibiza-2020\/","name":"Technology Summer Show Ibiza 2020 - Tech Barcelona","isPartOf":{"@id":"https:\/\/www.techbarcelona.com\/ca\/#website"},"primaryImageOfPage":{"@id":"https:\/\/www.techbarcelona.com\/ca\/event\/technology-summer-show-ibiza-2020\/#primaryimage"},"image":{"@id":"https:\/\/www.techbarcelona.com\/ca\/event\/technology-summer-show-ibiza-2020\/#primaryimage"},"thumbnailUrl":"https:\/\/www.techbarcelona.com\/wp-content\/uploads\/david-svihovec-QXz_1KjsLyo-unsplash-scaled.jpg","datePublished":"2021-06-20T06:44:33+00:00","breadcrumb":{"@id":"https:\/\/www.techbarcelona.com\/ca\/event\/technology-summer-show-ibiza-2020\/#breadcrumb"},"inLanguage":"ca","potentialAction":[{"@type":"ReadAction","target":["https:\/\/www.techbarcelona.com\/ca\/event\/technology-summer-show-ibiza-2020\/"]}]},{"@type":"ImageObject","inLanguage":"ca","@id":"https:\/\/www.techbarcelona.com\/ca\/event\/technology-summer-show-ibiza-2020\/#primaryimage","url":"https:\/\/www.techbarcelona.com\/wp-content\/uploads\/david-svihovec-QXz_1KjsLyo-unsplash-scaled.jpg","contentUrl":"https:\/\/www.techbarcelona.com\/wp-content\/uploads\/david-svihovec-QXz_1KjsLyo-unsplash-scaled.jpg","width":2049,"height":2560},{"@type":"BreadcrumbList","@id":"https:\/\/www.techbarcelona.com\/ca\/event\/technology-summer-show-ibiza-2020\/#breadcrumb","itemListElement":[{"@type":"ListItem","position":1,"name":"Portada","item":"https:\/\/www.techbarcelona.com\/ca\/"},{"@type":"ListItem","position":2,"name":"Events","item":"https:\/\/www.techbarcelona.com\/ca\/event\/"},{"@type":"ListItem","position":3,"name":"Technology Summer Show Ibiza 2020"}]},{"@type":"WebSite","@id":"https:\/\/www.techbarcelona.com\/ca\/#website","url":"https:\/\/www.techbarcelona.com\/ca\/","name":"Tech Barcelona","description":"","publisher":{"@id":"https:\/\/www.techbarcelona.com\/ca\/#organization"},"potentialAction":[{"@type":"SearchAction","target":{"@type":"EntryPoint","urlTemplate":"https:\/\/www.techbarcelona.com\/ca\/?s={search_term_string}"},"query-input":{"@type":"PropertyValueSpecification","valueRequired":true,"valueName":"search_term_string"}}],"inLanguage":"ca"},{"@type":"Organization","@id":"https:\/\/www.techbarcelona.com\/ca\/#organization","name":"Tech Barcelona","url":"https:\/\/www.techbarcelona.com\/ca\/","logo":{"@type":"ImageObject","inLanguage":"ca","@id":"https:\/\/www.techbarcelona.com\/ca\/#\/schema\/logo\/image\/","url":"https:\/\/www.techbarcelona.com\/wp-content\/uploads\/logo-tech-bcn-black.png","contentUrl":"https:\/\/www.techbarcelona.com\/wp-content\/uploads\/logo-tech-bcn-black.png","width":347,"height":90,"caption":"Tech Barcelona"},"image":{"@id":"https:\/\/www.techbarcelona.com\/ca\/#\/schema\/logo\/image\/"},"sameAs":["https:\/\/www.facebook.com\/BarcelonaTechCity","https:\/\/x.com\/bcntechcity","https:\/\/www.instagram.com\/bcntechcity\/","https:\/\/www.linkedin.com\/company\/barcelona-tech-city\/","https:\/\/www.youtube.com\/channel\/UCKX-ZX0pM37GRtVNKgr4Rxg"]}]}},"_links":{"self":[{"href":"https:\/\/www.techbarcelona.com\/ca\/wp-json\/wp\/v2\/event\/18174","targetHints":{"allow":["GET"]}}],"collection":[{"href":"https:\/\/www.techbarcelona.com\/ca\/wp-json\/wp\/v2\/event"}],"about":[{"href":"https:\/\/www.techbarcelona.com\/ca\/wp-json\/wp\/v2\/types\/event"}],"wp:featuredmedia":[{"embeddable":true,"href":"https:\/\/www.techbarcelona.com\/ca\/wp-json\/wp\/v2\/media\/12668"}],"wp:attachment":[{"href":"https:\/\/www.techbarcelona.com\/ca\/wp-json\/wp\/v2\/media?parent=18174"}],"curies":[{"name":"wp","href":"https:\/\/api.w.org\/{rel}","templated":true}]}}