{"id":18842,"date":"2021-06-20T08:57:46","date_gmt":"2021-06-20T06:57:46","guid":{"rendered":"https:\/\/techbcndev.wearefirma.com\/event\/el-nuevo-ecosistema-de-movilidad-una-vision-del-ejecutivo-y-el-consumidor-por-kpmg\/"},"modified":"2021-06-20T08:57:46","modified_gmt":"2021-06-20T06:57:46","slug":"el-nuevo-ecosistema-de-movilidad-una-vision-del-ejecutivo-y-el-consumidor-por-kpmg","status":"publish","type":"event","link":"https:\/\/www.techbarcelona.com\/en\/event\/el-nuevo-ecosistema-de-movilidad-una-vision-del-ejecutivo-y-el-consumidor-por-kpmg\/","title":{"rendered":"El nuevo ecosistema de movilidad: Una visi\u00f3n del ejecutivo y el consumidor \u2013 Por: KPMG"},"content":{"rendered":"<p>Analizaremos los retos m\u00e1s inmediatos del sector de Automoci\u00f3n, seg\u00fan las conclusiones del informe de KPMG Global Automotive Executive Survey de 2019, as\u00ed como el papel de esta industria como motor de crecimiento en Catalunya, a trav\u00e9s de la presentaci\u00f3n del estudio de impacto socioecon\u00f3mico elaborado por el CIAC.<\/p>\n<p><strong>Ponentes de la actividad\u00a0<\/strong><\/p>\n<p>Bego\u00f1a Cristeto, socia de KPMG<\/p>\n<p>Josep Maria Vall, Presidente de CIAC, Cl\u00faster de la Ind\u00fastria d\u2019Automoci\u00f3 de Catalunya<\/p>\n<p>Josep Nadal, Cluster Manager de CIAC, Cl\u00faster de la Ind\u00fastria d\u2019Automoci\u00f3 de Catalunya<\/p>\n<p>Virginia Souto, directora de Management Consulting de KPMG<\/p>\n<p><strong>Agenda\u00a0<\/strong><\/p>\n<p>09:15 h. Acreditaci\u00f3n de los asistentes<\/p>\n<p>09:30 h. Bienvenida<\/p>\n<p>09:45 h Claves para el sector de Automoci\u00f3n en 2019<\/p>\n<p>10:15 h Di\u00e1logo en torno a los retos del nuevo ecosistema de movilidad<\/p>\n<p>10:45 h Pausa caf\u00e9<\/p>\n<p>11:15 h Impacto socioecon\u00f3mico del sector de Automoci\u00f3n en Catalu\u00f1a<\/p>\n<p>11:45 h Cierre de la jornada<\/p>\n<p><strong>Objetivos de la actividad <\/strong><\/p>\n<p>Compartir y reflexionar sobre las tendencias y retos del nuevo ecosistema de movilidad desde la perspectiva de los ejecutivos y de los consumidores y c\u00f3mo deben prepararse las empresas para abordar la transformaci\u00f3n del sector.\u00a0Conocer las oportunidades del sector automoci\u00f3n ante los retos del nuevo ecosistema de movilidad y explorar las oportunidades de negocio en esta industria tan pionera como tradicional en Catalunya.<\/p>\n<p><strong>Ubicaci\u00f3n <\/strong><\/p>\n<p>Espacio DAMM \u2013 PIER01<\/p>\n<p>&nbsp;<\/p>\n","protected":false},"featured_media":7785,"template":"","class_list":["post-18842","event","type-event","status-publish","has-post-thumbnail","hentry"],"acf":[],"yoast_head":"<!-- This site is optimized with the Yoast SEO plugin v27.5 - https:\/\/yoast.com\/product\/yoast-seo-wordpress\/ -->\n<title>El nuevo ecosistema de movilidad: Una visi\u00f3n del ejecutivo y el consumidor \u2013 Por: KPMG - Tech Barcelona<\/title>\n<meta name=\"robots\" content=\"index, follow, max-snippet:-1, max-image-preview:large, max-video-preview:-1\" \/>\n<link rel=\"canonical\" href=\"https:\/\/www.techbarcelona.com\/en\/event\/el-nuevo-ecosistema-de-movilidad-una-vision-del-ejecutivo-y-el-consumidor-por-kpmg\/\" \/>\n<meta property=\"og:locale\" content=\"en_US\" \/>\n<meta property=\"og:type\" content=\"article\" \/>\n<meta property=\"og:title\" content=\"El nuevo ecosistema de movilidad: Una visi\u00f3n del ejecutivo y el consumidor \u2013 Por: KPMG - Tech Barcelona\" \/>\n<meta property=\"og:description\" content=\"Analizaremos los retos m\u00e1s inmediatos del sector de Automoci\u00f3n, seg\u00fan las conclusiones del informe de KPMG Global Automotive Executive Survey de 2019, as\u00ed como el papel de esta industria como motor de crecimiento en Catalunya, a trav\u00e9s de la presentaci\u00f3n del estudio de impacto socioecon\u00f3mico elaborado por el CIAC. Ponentes [&hellip;]\" \/>\n<meta property=\"og:url\" content=\"https:\/\/www.techbarcelona.com\/en\/event\/el-nuevo-ecosistema-de-movilidad-una-vision-del-ejecutivo-y-el-consumidor-por-kpmg\/\" \/>\n<meta property=\"og:site_name\" content=\"Tech Barcelona\" \/>\n<meta property=\"article:publisher\" content=\"https:\/\/www.facebook.com\/BarcelonaTechCity\" \/>\n<meta property=\"og:image\" content=\"https:\/\/www.techbarcelona.com\/wp-content\/uploads\/mobility_kpmg-1-scaled.jpg\" \/>\n\t<meta property=\"og:image:width\" content=\"2560\" \/>\n\t<meta property=\"og:image:height\" content=\"1919\" \/>\n\t<meta property=\"og:image:type\" content=\"image\/jpeg\" \/>\n<meta name=\"twitter:card\" content=\"summary_large_image\" \/>\n<meta name=\"twitter:site\" content=\"@bcntechcity\" \/>\n<meta name=\"twitter:label1\" content=\"Est. reading time\" \/>\n\t<meta name=\"twitter:data1\" content=\"1 minute\" \/>\n<script type=\"application\/ld+json\" class=\"yoast-schema-graph\">{\"@context\":\"https:\\\/\\\/schema.org\",\"@graph\":[{\"@type\":\"WebPage\",\"@id\":\"https:\\\/\\\/www.techbarcelona.com\\\/en\\\/event\\\/el-nuevo-ecosistema-de-movilidad-una-vision-del-ejecutivo-y-el-consumidor-por-kpmg\\\/\",\"url\":\"https:\\\/\\\/www.techbarcelona.com\\\/en\\\/event\\\/el-nuevo-ecosistema-de-movilidad-una-vision-del-ejecutivo-y-el-consumidor-por-kpmg\\\/\",\"name\":\"El nuevo ecosistema de movilidad: Una visi\u00f3n del ejecutivo y el consumidor \u2013 Por: KPMG - Tech Barcelona\",\"isPartOf\":{\"@id\":\"https:\\\/\\\/www.techbarcelona.com\\\/en\\\/#website\"},\"primaryImageOfPage\":{\"@id\":\"https:\\\/\\\/www.techbarcelona.com\\\/en\\\/event\\\/el-nuevo-ecosistema-de-movilidad-una-vision-del-ejecutivo-y-el-consumidor-por-kpmg\\\/#primaryimage\"},\"image\":{\"@id\":\"https:\\\/\\\/www.techbarcelona.com\\\/en\\\/event\\\/el-nuevo-ecosistema-de-movilidad-una-vision-del-ejecutivo-y-el-consumidor-por-kpmg\\\/#primaryimage\"},\"thumbnailUrl\":\"https:\\\/\\\/www.techbarcelona.com\\\/wp-content\\\/uploads\\\/mobility_kpmg-1-scaled.jpg\",\"datePublished\":\"2021-06-20T06:57:46+00:00\",\"breadcrumb\":{\"@id\":\"https:\\\/\\\/www.techbarcelona.com\\\/en\\\/event\\\/el-nuevo-ecosistema-de-movilidad-una-vision-del-ejecutivo-y-el-consumidor-por-kpmg\\\/#breadcrumb\"},\"inLanguage\":\"en-US\",\"potentialAction\":[{\"@type\":\"ReadAction\",\"target\":[\"https:\\\/\\\/www.techbarcelona.com\\\/en\\\/event\\\/el-nuevo-ecosistema-de-movilidad-una-vision-del-ejecutivo-y-el-consumidor-por-kpmg\\\/\"]}]},{\"@type\":\"ImageObject\",\"inLanguage\":\"en-US\",\"@id\":\"https:\\\/\\\/www.techbarcelona.com\\\/en\\\/event\\\/el-nuevo-ecosistema-de-movilidad-una-vision-del-ejecutivo-y-el-consumidor-por-kpmg\\\/#primaryimage\",\"url\":\"https:\\\/\\\/www.techbarcelona.com\\\/wp-content\\\/uploads\\\/mobility_kpmg-1-scaled.jpg\",\"contentUrl\":\"https:\\\/\\\/www.techbarcelona.com\\\/wp-content\\\/uploads\\\/mobility_kpmg-1-scaled.jpg\",\"width\":2560,\"height\":1919},{\"@type\":\"BreadcrumbList\",\"@id\":\"https:\\\/\\\/www.techbarcelona.com\\\/en\\\/event\\\/el-nuevo-ecosistema-de-movilidad-una-vision-del-ejecutivo-y-el-consumidor-por-kpmg\\\/#breadcrumb\",\"itemListElement\":[{\"@type\":\"ListItem\",\"position\":1,\"name\":\"Portada\",\"item\":\"https:\\\/\\\/www.techbarcelona.com\\\/en\\\/\"},{\"@type\":\"ListItem\",\"position\":2,\"name\":\"Events\",\"item\":\"https:\\\/\\\/www.techbarcelona.com\\\/en\\\/event\\\/\"},{\"@type\":\"ListItem\",\"position\":3,\"name\":\"El nuevo ecosistema de movilidad: Una visi\u00f3n del ejecutivo y el consumidor \u2013 Por: KPMG\"}]},{\"@type\":\"WebSite\",\"@id\":\"https:\\\/\\\/www.techbarcelona.com\\\/en\\\/#website\",\"url\":\"https:\\\/\\\/www.techbarcelona.com\\\/en\\\/\",\"name\":\"Tech Barcelona\",\"description\":\"\",\"publisher\":{\"@id\":\"https:\\\/\\\/www.techbarcelona.com\\\/en\\\/#organization\"},\"potentialAction\":[{\"@type\":\"SearchAction\",\"target\":{\"@type\":\"EntryPoint\",\"urlTemplate\":\"https:\\\/\\\/www.techbarcelona.com\\\/en\\\/?s={search_term_string}\"},\"query-input\":{\"@type\":\"PropertyValueSpecification\",\"valueRequired\":true,\"valueName\":\"search_term_string\"}}],\"inLanguage\":\"en-US\"},{\"@type\":\"Organization\",\"@id\":\"https:\\\/\\\/www.techbarcelona.com\\\/en\\\/#organization\",\"name\":\"Tech Barcelona\",\"url\":\"https:\\\/\\\/www.techbarcelona.com\\\/en\\\/\",\"logo\":{\"@type\":\"ImageObject\",\"inLanguage\":\"en-US\",\"@id\":\"https:\\\/\\\/www.techbarcelona.com\\\/en\\\/#\\\/schema\\\/logo\\\/image\\\/\",\"url\":\"https:\\\/\\\/www.techbarcelona.com\\\/wp-content\\\/uploads\\\/logo-tech-bcn-black.png\",\"contentUrl\":\"https:\\\/\\\/www.techbarcelona.com\\\/wp-content\\\/uploads\\\/logo-tech-bcn-black.png\",\"width\":347,\"height\":90,\"caption\":\"Tech Barcelona\"},\"image\":{\"@id\":\"https:\\\/\\\/www.techbarcelona.com\\\/en\\\/#\\\/schema\\\/logo\\\/image\\\/\"},\"sameAs\":[\"https:\\\/\\\/www.facebook.com\\\/BarcelonaTechCity\",\"https:\\\/\\\/x.com\\\/bcntechcity\",\"https:\\\/\\\/www.instagram.com\\\/bcntechcity\\\/\",\"https:\\\/\\\/www.linkedin.com\\\/company\\\/barcelona-tech-city\\\/\",\"https:\\\/\\\/www.youtube.com\\\/channel\\\/UCKX-ZX0pM37GRtVNKgr4Rxg\"]}]}<\/script>\n<!-- \/ Yoast SEO plugin. -->","yoast_head_json":{"title":"El nuevo ecosistema de movilidad: Una visi\u00f3n del ejecutivo y el consumidor \u2013 Por: KPMG - Tech Barcelona","robots":{"index":"index","follow":"follow","max-snippet":"max-snippet:-1","max-image-preview":"max-image-preview:large","max-video-preview":"max-video-preview:-1"},"canonical":"https:\/\/www.techbarcelona.com\/en\/event\/el-nuevo-ecosistema-de-movilidad-una-vision-del-ejecutivo-y-el-consumidor-por-kpmg\/","og_locale":"en_US","og_type":"article","og_title":"El nuevo ecosistema de movilidad: Una visi\u00f3n del ejecutivo y el consumidor \u2013 Por: KPMG - Tech Barcelona","og_description":"Analizaremos los retos m\u00e1s inmediatos del sector de Automoci\u00f3n, seg\u00fan las conclusiones del informe de KPMG Global Automotive Executive Survey de 2019, as\u00ed como el papel de esta industria como motor de crecimiento en Catalunya, a trav\u00e9s de la presentaci\u00f3n del estudio de impacto socioecon\u00f3mico elaborado por el CIAC. Ponentes [&hellip;]","og_url":"https:\/\/www.techbarcelona.com\/en\/event\/el-nuevo-ecosistema-de-movilidad-una-vision-del-ejecutivo-y-el-consumidor-por-kpmg\/","og_site_name":"Tech Barcelona","article_publisher":"https:\/\/www.facebook.com\/BarcelonaTechCity","og_image":[{"width":2560,"height":1919,"url":"https:\/\/www.techbarcelona.com\/wp-content\/uploads\/mobility_kpmg-1-scaled.jpg","type":"image\/jpeg"}],"twitter_card":"summary_large_image","twitter_site":"@bcntechcity","twitter_misc":{"Est. reading time":"1 minute"},"schema":{"@context":"https:\/\/schema.org","@graph":[{"@type":"WebPage","@id":"https:\/\/www.techbarcelona.com\/en\/event\/el-nuevo-ecosistema-de-movilidad-una-vision-del-ejecutivo-y-el-consumidor-por-kpmg\/","url":"https:\/\/www.techbarcelona.com\/en\/event\/el-nuevo-ecosistema-de-movilidad-una-vision-del-ejecutivo-y-el-consumidor-por-kpmg\/","name":"El nuevo ecosistema de movilidad: Una visi\u00f3n del ejecutivo y el consumidor \u2013 Por: KPMG - Tech Barcelona","isPartOf":{"@id":"https:\/\/www.techbarcelona.com\/en\/#website"},"primaryImageOfPage":{"@id":"https:\/\/www.techbarcelona.com\/en\/event\/el-nuevo-ecosistema-de-movilidad-una-vision-del-ejecutivo-y-el-consumidor-por-kpmg\/#primaryimage"},"image":{"@id":"https:\/\/www.techbarcelona.com\/en\/event\/el-nuevo-ecosistema-de-movilidad-una-vision-del-ejecutivo-y-el-consumidor-por-kpmg\/#primaryimage"},"thumbnailUrl":"https:\/\/www.techbarcelona.com\/wp-content\/uploads\/mobility_kpmg-1-scaled.jpg","datePublished":"2021-06-20T06:57:46+00:00","breadcrumb":{"@id":"https:\/\/www.techbarcelona.com\/en\/event\/el-nuevo-ecosistema-de-movilidad-una-vision-del-ejecutivo-y-el-consumidor-por-kpmg\/#breadcrumb"},"inLanguage":"en-US","potentialAction":[{"@type":"ReadAction","target":["https:\/\/www.techbarcelona.com\/en\/event\/el-nuevo-ecosistema-de-movilidad-una-vision-del-ejecutivo-y-el-consumidor-por-kpmg\/"]}]},{"@type":"ImageObject","inLanguage":"en-US","@id":"https:\/\/www.techbarcelona.com\/en\/event\/el-nuevo-ecosistema-de-movilidad-una-vision-del-ejecutivo-y-el-consumidor-por-kpmg\/#primaryimage","url":"https:\/\/www.techbarcelona.com\/wp-content\/uploads\/mobility_kpmg-1-scaled.jpg","contentUrl":"https:\/\/www.techbarcelona.com\/wp-content\/uploads\/mobility_kpmg-1-scaled.jpg","width":2560,"height":1919},{"@type":"BreadcrumbList","@id":"https:\/\/www.techbarcelona.com\/en\/event\/el-nuevo-ecosistema-de-movilidad-una-vision-del-ejecutivo-y-el-consumidor-por-kpmg\/#breadcrumb","itemListElement":[{"@type":"ListItem","position":1,"name":"Portada","item":"https:\/\/www.techbarcelona.com\/en\/"},{"@type":"ListItem","position":2,"name":"Events","item":"https:\/\/www.techbarcelona.com\/en\/event\/"},{"@type":"ListItem","position":3,"name":"El nuevo ecosistema de movilidad: Una visi\u00f3n del ejecutivo y el consumidor \u2013 Por: KPMG"}]},{"@type":"WebSite","@id":"https:\/\/www.techbarcelona.com\/en\/#website","url":"https:\/\/www.techbarcelona.com\/en\/","name":"Tech Barcelona","description":"","publisher":{"@id":"https:\/\/www.techbarcelona.com\/en\/#organization"},"potentialAction":[{"@type":"SearchAction","target":{"@type":"EntryPoint","urlTemplate":"https:\/\/www.techbarcelona.com\/en\/?s={search_term_string}"},"query-input":{"@type":"PropertyValueSpecification","valueRequired":true,"valueName":"search_term_string"}}],"inLanguage":"en-US"},{"@type":"Organization","@id":"https:\/\/www.techbarcelona.com\/en\/#organization","name":"Tech Barcelona","url":"https:\/\/www.techbarcelona.com\/en\/","logo":{"@type":"ImageObject","inLanguage":"en-US","@id":"https:\/\/www.techbarcelona.com\/en\/#\/schema\/logo\/image\/","url":"https:\/\/www.techbarcelona.com\/wp-content\/uploads\/logo-tech-bcn-black.png","contentUrl":"https:\/\/www.techbarcelona.com\/wp-content\/uploads\/logo-tech-bcn-black.png","width":347,"height":90,"caption":"Tech Barcelona"},"image":{"@id":"https:\/\/www.techbarcelona.com\/en\/#\/schema\/logo\/image\/"},"sameAs":["https:\/\/www.facebook.com\/BarcelonaTechCity","https:\/\/x.com\/bcntechcity","https:\/\/www.instagram.com\/bcntechcity\/","https:\/\/www.linkedin.com\/company\/barcelona-tech-city\/","https:\/\/www.youtube.com\/channel\/UCKX-ZX0pM37GRtVNKgr4Rxg"]}]}},"_links":{"self":[{"href":"https:\/\/www.techbarcelona.com\/en\/wp-json\/wp\/v2\/event\/18842","targetHints":{"allow":["GET"]}}],"collection":[{"href":"https:\/\/www.techbarcelona.com\/en\/wp-json\/wp\/v2\/event"}],"about":[{"href":"https:\/\/www.techbarcelona.com\/en\/wp-json\/wp\/v2\/types\/event"}],"wp:featuredmedia":[{"embeddable":true,"href":"https:\/\/www.techbarcelona.com\/en\/wp-json\/wp\/v2\/media\/7785"}],"wp:attachment":[{"href":"https:\/\/www.techbarcelona.com\/en\/wp-json\/wp\/v2\/media?parent=18842"}],"curies":[{"name":"wp","href":"https:\/\/api.w.org\/{rel}","templated":true}]}}