{"id":19094,"date":"2021-06-20T09:01:23","date_gmt":"2021-06-20T07:01:23","guid":{"rendered":"https:\/\/techbcndev.wearefirma.com\/event\/sesion-online-1-pandemia-impacto-socio-economico-y-comunicacion\/"},"modified":"2021-06-20T09:01:23","modified_gmt":"2021-06-20T07:01:23","slug":"sesion-online-1-pandemia-impacto-socio-economico-y-comunicacion","status":"publish","type":"event","link":"https:\/\/www.techbarcelona.com\/en\/event\/sesion-online-1-pandemia-impacto-socio-economico-y-comunicacion\/","title":{"rendered":"SESI\u00d3N ONLINE 1. Pandemia. Impacto Socio-Econ\u00f3mico y Comunicaci\u00f3n"},"content":{"rendered":"<div id=\"comp-k6nk5irx\" class=\"txtNew\" data-packed=\"true\"><span style=\"font-size: 1rem;\">Desde <a href=\"https:\/\/www.futurehealthclub.com\">Future Health Club<\/a>, en colaboraci\u00f3n con el <a href=\"https:\/\/www.isglobal.org\">ISGlobal<\/a> y <a href=\"https:\/\/barcelonatechcity.com\">Barcelona Tech City<\/a> te invitamos a una sesi\u00f3n Online en <\/span><strong><em style=\"font-size: 1rem;\">streaming<\/em><\/strong><span style=\"font-size: 1rem;\"> muy especial.<\/span><\/div>\n<div data-packed=\"true\"><\/div>\n<div id=\"comp-k6njlwc1\" class=\"txtNew\" data-packed=\"false\" data-min-height=\"227\">\n<p><strong>UN EVENTO PARA CONOCER QU\u00c9 EST\u00c1 PASANDO Y QU\u00c9 PUEDE PASAR<br \/>\n<\/strong>Tendremos la oportunidad de escuchar que piensan 3 expertos de \u00e1mbitos profesionales distintos que trabajan en Salud Global, y que analizar\u00e1n los puntos clave para afrontar esta nueva situaci\u00f3n.<br \/>\nQueremos conocer los motivos, y el impacto y las consecuencias sobre diferentes sectores sociales y econ\u00f3micos.<\/p>\n<p><strong>SPEAKERS<br \/>\n<\/strong>&#8211;<u>Rafa Vilasanjuan<\/u>: Director Communication, Policy &amp; Global Develompent (<a href=\"https:\/\/www.isglobal.org\">ISGlobal<\/a>)<br \/>\n&#8211;<u>Jose Mu\u00f1oz Guti\u00e9rrez<\/u>: Associate Research Professor (<a href=\"https:\/\/www.isglobal.org\">ISGlobal<\/a>) i Jefe del servicio de Salud Internacional (<a href=\"https:\/\/www.clinicbarcelona.org\">Hospital Cl\u00ednic de BarcelonaI<\/a>)<br \/>\n&#8211;<u>Joan Bigorra<\/u>: Director of Innovation (<a href=\"https:\/\/www.isglobal.org\">ISGlobal<\/a>) i Asesor Senior de Innovaci\u00f3n (<a href=\"https:\/\/www.clinicbarcelona.org\">Hospital Cl\u00ednic de Barcelona<\/a>)<\/p>\n<p><strong>AGENDA<br \/>\n<\/strong>18:00\u00a0\u2013 Presentaci\u00f3n. \u201cCovid-19 impact: Pandemia, Impacto Socio-Econ\u00f3mico y Comunicaci\u00f3n\u201d por Joan Bigorra.<br \/>\n18:10 \u2013 Salud Global. \u201cUna pandemia que pone a prueba un mundo globalizado\u201d por Jose Mu\u00f1oz.<br \/>\n18:30 \u2013 Comunicaci\u00f3n. \u201cNuevo reto: La Gesti\u00f3n de crisis y la comunicaci\u00f3n\u201d por Rafa Vilasanjuan.<\/p>\n<p>Esta actividad se realizar\u00e1 de manera 100% online. El acceso al <em>streaming<\/em> se activar\u00e1 5 minutos antes de la sesi\u00f3n.<\/p>\n<p><img loading=\"lazy\" decoding=\"async\" class=\"alignnone wp-image-22937\" src=\"https:\/\/www.techbarcelona.com\/wp-content\/uploads\/188891_936161518b6e403db8d8628796c577c6mv2.jpg\" alt=\"\" width=\"272\" height=\"70\" \/> <img loading=\"lazy\" decoding=\"async\" class=\"alignnone wp-image-22940\" src=\"https:\/\/www.techbarcelona.com\/wp-content\/uploads\/188891_ae9a5cd8404c4e8ea71c9e2a0158a46amv2.jpg\" alt=\"\" width=\"227\" height=\"91\" \/>\u00a0 \u00a0<img loading=\"lazy\" decoding=\"async\" class=\"alignnone wp-image-22959\" src=\"https:\/\/www.techbarcelona.com\/wp-content\/uploads\/0.jpg\" alt=\"\" width=\"74\" height=\"74\" \/><\/p>\n<p>Esta actividad se retransmitir\u00e1 en streaming gracias a la tecnolog\u00eda de\u00a0<a href=\"https:\/\/www.watchity.com\"><strong>Watchity<\/strong>.\u00a0<\/a>El acceso web y la retransmisi\u00f3n en <strong>Twitter<\/strong> se activar\u00e1n a las 13:00h. Las preguntas se podr\u00e1n realizar a trav\u00e9s del chat online y los ponentes responder\u00e1n al final de la sesi\u00f3n.<\/p>\n<p>Powered by:<\/p>\n<p><a href=\"http:\/\/www.accio.gencat.cat\/ca\/inici\"><img loading=\"lazy\" decoding=\"async\" class=\" wp-image-29080 alignleft\" src=\"https:\/\/www.techbarcelona.com\/wp-content\/uploads\/ACCIO-vertical-color.png\" alt=\"\" width=\"127\" height=\"86\" \/><\/a><\/p>\n<\/div>\n","protected":false},"featured_media":9312,"template":"","class_list":["post-19094","event","type-event","status-publish","has-post-thumbnail","hentry"],"acf":[],"yoast_head":"<!-- This site is optimized with the Yoast SEO plugin v27.5 - https:\/\/yoast.com\/product\/yoast-seo-wordpress\/ -->\n<title>SESI\u00d3N ONLINE 1. Pandemia. Impacto Socio-Econ\u00f3mico y Comunicaci\u00f3n - Tech Barcelona<\/title>\n<meta name=\"robots\" content=\"index, follow, max-snippet:-1, max-image-preview:large, max-video-preview:-1\" \/>\n<link rel=\"canonical\" href=\"https:\/\/www.techbarcelona.com\/en\/event\/sesion-online-1-pandemia-impacto-socio-economico-y-comunicacion\/\" \/>\n<meta property=\"og:locale\" content=\"en_US\" \/>\n<meta property=\"og:type\" content=\"article\" \/>\n<meta property=\"og:title\" content=\"SESI\u00d3N ONLINE 1. Pandemia. Impacto Socio-Econ\u00f3mico y Comunicaci\u00f3n - Tech Barcelona\" \/>\n<meta property=\"og:description\" content=\"Desde Future Health Club, en colaboraci\u00f3n con el ISGlobal y Barcelona Tech City te invitamos a una sesi\u00f3n Online en streaming muy especial. UN EVENTO PARA CONOCER QU\u00c9 EST\u00c1 PASANDO Y QU\u00c9 PUEDE PASAR Tendremos la oportunidad de escuchar que piensan 3 expertos de \u00e1mbitos profesionales distintos que trabajan en [&hellip;]\" \/>\n<meta property=\"og:url\" content=\"https:\/\/www.techbarcelona.com\/en\/event\/sesion-online-1-pandemia-impacto-socio-economico-y-comunicacion\/\" \/>\n<meta property=\"og:site_name\" content=\"Tech Barcelona\" \/>\n<meta property=\"article:publisher\" content=\"https:\/\/www.facebook.com\/BarcelonaTechCity\" \/>\n<meta property=\"og:image\" content=\"https:\/\/www.techbarcelona.com\/wp-content\/uploads\/Captura-de-pantalla-2020-03-18-a-las-11.32.40.png\" \/>\n\t<meta property=\"og:image:width\" content=\"2520\" \/>\n\t<meta property=\"og:image:height\" content=\"926\" \/>\n\t<meta property=\"og:image:type\" content=\"image\/png\" \/>\n<meta name=\"twitter:card\" content=\"summary_large_image\" \/>\n<meta name=\"twitter:site\" content=\"@bcntechcity\" \/>\n<meta name=\"twitter:label1\" content=\"Est. reading time\" \/>\n\t<meta name=\"twitter:data1\" content=\"1 minute\" \/>\n<script type=\"application\/ld+json\" class=\"yoast-schema-graph\">{\"@context\":\"https:\\\/\\\/schema.org\",\"@graph\":[{\"@type\":\"WebPage\",\"@id\":\"https:\\\/\\\/www.techbarcelona.com\\\/en\\\/event\\\/sesion-online-1-pandemia-impacto-socio-economico-y-comunicacion\\\/\",\"url\":\"https:\\\/\\\/www.techbarcelona.com\\\/en\\\/event\\\/sesion-online-1-pandemia-impacto-socio-economico-y-comunicacion\\\/\",\"name\":\"SESI\u00d3N ONLINE 1. Pandemia. Impacto Socio-Econ\u00f3mico y Comunicaci\u00f3n - Tech Barcelona\",\"isPartOf\":{\"@id\":\"https:\\\/\\\/www.techbarcelona.com\\\/en\\\/#website\"},\"primaryImageOfPage\":{\"@id\":\"https:\\\/\\\/www.techbarcelona.com\\\/en\\\/event\\\/sesion-online-1-pandemia-impacto-socio-economico-y-comunicacion\\\/#primaryimage\"},\"image\":{\"@id\":\"https:\\\/\\\/www.techbarcelona.com\\\/en\\\/event\\\/sesion-online-1-pandemia-impacto-socio-economico-y-comunicacion\\\/#primaryimage\"},\"thumbnailUrl\":\"https:\\\/\\\/www.techbarcelona.com\\\/wp-content\\\/uploads\\\/Captura-de-pantalla-2020-03-18-a-las-11.32.40.png\",\"datePublished\":\"2021-06-20T07:01:23+00:00\",\"breadcrumb\":{\"@id\":\"https:\\\/\\\/www.techbarcelona.com\\\/en\\\/event\\\/sesion-online-1-pandemia-impacto-socio-economico-y-comunicacion\\\/#breadcrumb\"},\"inLanguage\":\"en-US\",\"potentialAction\":[{\"@type\":\"ReadAction\",\"target\":[\"https:\\\/\\\/www.techbarcelona.com\\\/en\\\/event\\\/sesion-online-1-pandemia-impacto-socio-economico-y-comunicacion\\\/\"]}]},{\"@type\":\"ImageObject\",\"inLanguage\":\"en-US\",\"@id\":\"https:\\\/\\\/www.techbarcelona.com\\\/en\\\/event\\\/sesion-online-1-pandemia-impacto-socio-economico-y-comunicacion\\\/#primaryimage\",\"url\":\"https:\\\/\\\/www.techbarcelona.com\\\/wp-content\\\/uploads\\\/Captura-de-pantalla-2020-03-18-a-las-11.32.40.png\",\"contentUrl\":\"https:\\\/\\\/www.techbarcelona.com\\\/wp-content\\\/uploads\\\/Captura-de-pantalla-2020-03-18-a-las-11.32.40.png\",\"width\":2520,\"height\":926},{\"@type\":\"BreadcrumbList\",\"@id\":\"https:\\\/\\\/www.techbarcelona.com\\\/en\\\/event\\\/sesion-online-1-pandemia-impacto-socio-economico-y-comunicacion\\\/#breadcrumb\",\"itemListElement\":[{\"@type\":\"ListItem\",\"position\":1,\"name\":\"Portada\",\"item\":\"https:\\\/\\\/www.techbarcelona.com\\\/en\\\/\"},{\"@type\":\"ListItem\",\"position\":2,\"name\":\"Events\",\"item\":\"https:\\\/\\\/www.techbarcelona.com\\\/en\\\/event\\\/\"},{\"@type\":\"ListItem\",\"position\":3,\"name\":\"SESI\u00d3N ONLINE 1. Pandemia. Impacto Socio-Econ\u00f3mico y Comunicaci\u00f3n\"}]},{\"@type\":\"WebSite\",\"@id\":\"https:\\\/\\\/www.techbarcelona.com\\\/en\\\/#website\",\"url\":\"https:\\\/\\\/www.techbarcelona.com\\\/en\\\/\",\"name\":\"Tech Barcelona\",\"description\":\"\",\"publisher\":{\"@id\":\"https:\\\/\\\/www.techbarcelona.com\\\/en\\\/#organization\"},\"potentialAction\":[{\"@type\":\"SearchAction\",\"target\":{\"@type\":\"EntryPoint\",\"urlTemplate\":\"https:\\\/\\\/www.techbarcelona.com\\\/en\\\/?s={search_term_string}\"},\"query-input\":{\"@type\":\"PropertyValueSpecification\",\"valueRequired\":true,\"valueName\":\"search_term_string\"}}],\"inLanguage\":\"en-US\"},{\"@type\":\"Organization\",\"@id\":\"https:\\\/\\\/www.techbarcelona.com\\\/en\\\/#organization\",\"name\":\"Tech Barcelona\",\"url\":\"https:\\\/\\\/www.techbarcelona.com\\\/en\\\/\",\"logo\":{\"@type\":\"ImageObject\",\"inLanguage\":\"en-US\",\"@id\":\"https:\\\/\\\/www.techbarcelona.com\\\/en\\\/#\\\/schema\\\/logo\\\/image\\\/\",\"url\":\"https:\\\/\\\/www.techbarcelona.com\\\/wp-content\\\/uploads\\\/logo-tech-bcn-black.png\",\"contentUrl\":\"https:\\\/\\\/www.techbarcelona.com\\\/wp-content\\\/uploads\\\/logo-tech-bcn-black.png\",\"width\":347,\"height\":90,\"caption\":\"Tech Barcelona\"},\"image\":{\"@id\":\"https:\\\/\\\/www.techbarcelona.com\\\/en\\\/#\\\/schema\\\/logo\\\/image\\\/\"},\"sameAs\":[\"https:\\\/\\\/www.facebook.com\\\/BarcelonaTechCity\",\"https:\\\/\\\/x.com\\\/bcntechcity\",\"https:\\\/\\\/www.instagram.com\\\/bcntechcity\\\/\",\"https:\\\/\\\/www.linkedin.com\\\/company\\\/barcelona-tech-city\\\/\",\"https:\\\/\\\/www.youtube.com\\\/channel\\\/UCKX-ZX0pM37GRtVNKgr4Rxg\"]}]}<\/script>\n<!-- \/ Yoast SEO plugin. -->","yoast_head_json":{"title":"SESI\u00d3N ONLINE 1. Pandemia. Impacto Socio-Econ\u00f3mico y Comunicaci\u00f3n - Tech Barcelona","robots":{"index":"index","follow":"follow","max-snippet":"max-snippet:-1","max-image-preview":"max-image-preview:large","max-video-preview":"max-video-preview:-1"},"canonical":"https:\/\/www.techbarcelona.com\/en\/event\/sesion-online-1-pandemia-impacto-socio-economico-y-comunicacion\/","og_locale":"en_US","og_type":"article","og_title":"SESI\u00d3N ONLINE 1. Pandemia. Impacto Socio-Econ\u00f3mico y Comunicaci\u00f3n - Tech Barcelona","og_description":"Desde Future Health Club, en colaboraci\u00f3n con el ISGlobal y Barcelona Tech City te invitamos a una sesi\u00f3n Online en streaming muy especial. UN EVENTO PARA CONOCER QU\u00c9 EST\u00c1 PASANDO Y QU\u00c9 PUEDE PASAR Tendremos la oportunidad de escuchar que piensan 3 expertos de \u00e1mbitos profesionales distintos que trabajan en [&hellip;]","og_url":"https:\/\/www.techbarcelona.com\/en\/event\/sesion-online-1-pandemia-impacto-socio-economico-y-comunicacion\/","og_site_name":"Tech Barcelona","article_publisher":"https:\/\/www.facebook.com\/BarcelonaTechCity","og_image":[{"width":2520,"height":926,"url":"https:\/\/www.techbarcelona.com\/wp-content\/uploads\/Captura-de-pantalla-2020-03-18-a-las-11.32.40.png","type":"image\/png"}],"twitter_card":"summary_large_image","twitter_site":"@bcntechcity","twitter_misc":{"Est. reading time":"1 minute"},"schema":{"@context":"https:\/\/schema.org","@graph":[{"@type":"WebPage","@id":"https:\/\/www.techbarcelona.com\/en\/event\/sesion-online-1-pandemia-impacto-socio-economico-y-comunicacion\/","url":"https:\/\/www.techbarcelona.com\/en\/event\/sesion-online-1-pandemia-impacto-socio-economico-y-comunicacion\/","name":"SESI\u00d3N ONLINE 1. Pandemia. Impacto Socio-Econ\u00f3mico y Comunicaci\u00f3n - Tech Barcelona","isPartOf":{"@id":"https:\/\/www.techbarcelona.com\/en\/#website"},"primaryImageOfPage":{"@id":"https:\/\/www.techbarcelona.com\/en\/event\/sesion-online-1-pandemia-impacto-socio-economico-y-comunicacion\/#primaryimage"},"image":{"@id":"https:\/\/www.techbarcelona.com\/en\/event\/sesion-online-1-pandemia-impacto-socio-economico-y-comunicacion\/#primaryimage"},"thumbnailUrl":"https:\/\/www.techbarcelona.com\/wp-content\/uploads\/Captura-de-pantalla-2020-03-18-a-las-11.32.40.png","datePublished":"2021-06-20T07:01:23+00:00","breadcrumb":{"@id":"https:\/\/www.techbarcelona.com\/en\/event\/sesion-online-1-pandemia-impacto-socio-economico-y-comunicacion\/#breadcrumb"},"inLanguage":"en-US","potentialAction":[{"@type":"ReadAction","target":["https:\/\/www.techbarcelona.com\/en\/event\/sesion-online-1-pandemia-impacto-socio-economico-y-comunicacion\/"]}]},{"@type":"ImageObject","inLanguage":"en-US","@id":"https:\/\/www.techbarcelona.com\/en\/event\/sesion-online-1-pandemia-impacto-socio-economico-y-comunicacion\/#primaryimage","url":"https:\/\/www.techbarcelona.com\/wp-content\/uploads\/Captura-de-pantalla-2020-03-18-a-las-11.32.40.png","contentUrl":"https:\/\/www.techbarcelona.com\/wp-content\/uploads\/Captura-de-pantalla-2020-03-18-a-las-11.32.40.png","width":2520,"height":926},{"@type":"BreadcrumbList","@id":"https:\/\/www.techbarcelona.com\/en\/event\/sesion-online-1-pandemia-impacto-socio-economico-y-comunicacion\/#breadcrumb","itemListElement":[{"@type":"ListItem","position":1,"name":"Portada","item":"https:\/\/www.techbarcelona.com\/en\/"},{"@type":"ListItem","position":2,"name":"Events","item":"https:\/\/www.techbarcelona.com\/en\/event\/"},{"@type":"ListItem","position":3,"name":"SESI\u00d3N ONLINE 1. Pandemia. Impacto Socio-Econ\u00f3mico y Comunicaci\u00f3n"}]},{"@type":"WebSite","@id":"https:\/\/www.techbarcelona.com\/en\/#website","url":"https:\/\/www.techbarcelona.com\/en\/","name":"Tech Barcelona","description":"","publisher":{"@id":"https:\/\/www.techbarcelona.com\/en\/#organization"},"potentialAction":[{"@type":"SearchAction","target":{"@type":"EntryPoint","urlTemplate":"https:\/\/www.techbarcelona.com\/en\/?s={search_term_string}"},"query-input":{"@type":"PropertyValueSpecification","valueRequired":true,"valueName":"search_term_string"}}],"inLanguage":"en-US"},{"@type":"Organization","@id":"https:\/\/www.techbarcelona.com\/en\/#organization","name":"Tech Barcelona","url":"https:\/\/www.techbarcelona.com\/en\/","logo":{"@type":"ImageObject","inLanguage":"en-US","@id":"https:\/\/www.techbarcelona.com\/en\/#\/schema\/logo\/image\/","url":"https:\/\/www.techbarcelona.com\/wp-content\/uploads\/logo-tech-bcn-black.png","contentUrl":"https:\/\/www.techbarcelona.com\/wp-content\/uploads\/logo-tech-bcn-black.png","width":347,"height":90,"caption":"Tech Barcelona"},"image":{"@id":"https:\/\/www.techbarcelona.com\/en\/#\/schema\/logo\/image\/"},"sameAs":["https:\/\/www.facebook.com\/BarcelonaTechCity","https:\/\/x.com\/bcntechcity","https:\/\/www.instagram.com\/bcntechcity\/","https:\/\/www.linkedin.com\/company\/barcelona-tech-city\/","https:\/\/www.youtube.com\/channel\/UCKX-ZX0pM37GRtVNKgr4Rxg"]}]}},"_links":{"self":[{"href":"https:\/\/www.techbarcelona.com\/en\/wp-json\/wp\/v2\/event\/19094","targetHints":{"allow":["GET"]}}],"collection":[{"href":"https:\/\/www.techbarcelona.com\/en\/wp-json\/wp\/v2\/event"}],"about":[{"href":"https:\/\/www.techbarcelona.com\/en\/wp-json\/wp\/v2\/types\/event"}],"wp:featuredmedia":[{"embeddable":true,"href":"https:\/\/www.techbarcelona.com\/en\/wp-json\/wp\/v2\/media\/9312"}],"wp:attachment":[{"href":"https:\/\/www.techbarcelona.com\/en\/wp-json\/wp\/v2\/media?parent=19094"}],"curies":[{"name":"wp","href":"https:\/\/api.w.org\/{rel}","templated":true}]}}